{"id":1730,"date":"2025-01-17T18:06:47","date_gmt":"2025-01-17T17:06:47","guid":{"rendered":"https:\/\/www.epca.ch\/www\/?page_id=1730"},"modified":"2025-12-17T16:27:22","modified_gmt":"2025-12-17T15:27:22","slug":"nextstep-stages-internationaux-pour-les-jeunes-en-maturite-professionnelle","status":"publish","type":"page","link":"https:\/\/www.epca.ch\/www\/nextstep-stages-internationaux-pour-les-jeunes-en-maturite-professionnelle\/","title":{"rendered":"NextStep"},"content":{"rendered":"\n<div class=\"wp-block-group has-base-2-background-color has-background has-global-padding is-layout-constrained wp-block-group-is-layout-constrained\">\n<h1 class=\"wp-block-heading has-x-large-font-size\">Stages <span class=\"bleu-epca\">internationaux<\/span> pour les jeunes en maturit\u00e9 professionnelle<\/h1>\n\n\n\n<p>Ce s\u00e9jour linguistique est destin\u00e9 aux apprenti\u00b7e\u00b7s et \u00e9tudiant.e.s en maturit\u00e9 professionnelle. Durant leur derni\u00e8re ann\u00e9e de formation, ils\/elles pr\u00e9parent leur placement dans l\u2019une des entreprises d\u2019exception, partenaires du r\u00e9seau Swissnex en Inde, au Japon, au Br\u00e9sil ou encore aux USA. Apr\u00e8s l\u2019obtention de leur maturit\u00e9, ils\/elles effectuent 3 \u00e0 6 mois de stage au sein de cette entreprise, avec le soutien de l\u2019antenne Swissnex locale.<\/p>\n\n\n\n<figure class=\"wp-block-image size-large\"><img loading=\"lazy\" decoding=\"async\" width=\"1024\" height=\"372\" src=\"https:\/\/www.epca.ch\/www\/wp-content\/uploads\/2025\/01\/NextStep-1024x372.png\" alt=\"\" class=\"wp-image-1738\" srcset=\"https:\/\/www.epca.ch\/www\/wp-content\/uploads\/2025\/01\/NextStep-1024x372.png 1024w, https:\/\/www.epca.ch\/www\/wp-content\/uploads\/2025\/01\/NextStep-300x109.png 300w, https:\/\/www.epca.ch\/www\/wp-content\/uploads\/2025\/01\/NextStep-768x279.png 768w, https:\/\/www.epca.ch\/www\/wp-content\/uploads\/2025\/01\/NextStep.png 1336w\" sizes=\"auto, (max-width: 1024px) 100vw, 1024px\" \/><\/figure>\n\n\n\n<div class=\"wp-block-group is-nowrap is-layout-flex wp-container-core-group-is-layout-b1ad4258 wp-block-group-is-layout-flex\" style=\"padding-top:0;padding-bottom:var(--wp--preset--spacing--40)\">\n<p class=\"has-custom-bleu-color has-text-color has-link-color wp-elements-a3a2e5efbcd193e0e9d1370ab4b58470\"><a href=\"https:\/\/www.vd.ch\/formation\/formation-professionnelle\/stages-en-suisse-ou-a-letranger-pour-les-apprenties-etudiantes-es-et-jeunes-diplomees-vaudoises\/nextstep-stages-internationaux-pour-les-jeunes-en-maturite-professionnelle\" target=\"_blank\" rel=\"noreferrer noopener\">en savoir plus<\/a><\/p>\n\n\n\n<figure class=\"wp-block-image size-full is-resized\"><img loading=\"lazy\" decoding=\"async\" width=\"30\" height=\"29\" src=\"https:\/\/www.epca.ch\/www\/wp-content\/uploads\/2025\/05\/FlecheLien.webp\" alt=\"\" class=\"wp-image-2093\" style=\"width:20px\"\/><\/figure>\n\n\n\n<p><\/p>\n<\/div>\n\n\n\n<div class=\"wp-block-buttons is-layout-flex wp-block-buttons-is-layout-flex\">\n<div class=\"wp-block-button\"><a class=\"wp-block-button__link wp-element-button\" href=\"\/www\/contenu\/docs_divers\/NXST%20E-Flyer%202026.pdf\" target=\"_blank\" rel=\"noreferrer noopener\">Flyer<\/a><\/div>\n<\/div>\n<\/div>\n\n\n\n<p><\/p>\n","protected":false},"excerpt":{"rendered":"<p>Stages internationaux pour les jeunes en maturit\u00e9 professionnelle Ce s\u00e9jour linguistique est destin\u00e9 aux apprenti\u00b7e\u00b7s et \u00e9tudiant.e.s en maturit\u00e9 professionnelle. Durant leur derni\u00e8re ann\u00e9e de formation, ils\/elles pr\u00e9parent leur placement dans l\u2019une des entreprises d\u2019exception, partenaires du r\u00e9seau Swissnex en Inde, au Japon, au Br\u00e9sil ou encore aux USA. Apr\u00e8s l\u2019obtention de leur maturit\u00e9, ils\/elles [&hellip;]<\/p>\n","protected":false},"author":1,"featured_media":0,"parent":0,"menu_order":0,"comment_status":"closed","ping_status":"closed","template":"","meta":{"footnotes":""},"class_list":["post-1730","page","type-page","status-publish","hentry"],"_links":{"self":[{"href":"https:\/\/www.epca.ch\/www\/wp-json\/wp\/v2\/pages\/1730","targetHints":{"allow":["GET"]}}],"collection":[{"href":"https:\/\/www.epca.ch\/www\/wp-json\/wp\/v2\/pages"}],"about":[{"href":"https:\/\/www.epca.ch\/www\/wp-json\/wp\/v2\/types\/page"}],"author":[{"embeddable":true,"href":"https:\/\/www.epca.ch\/www\/wp-json\/wp\/v2\/users\/1"}],"replies":[{"embeddable":true,"href":"https:\/\/www.epca.ch\/www\/wp-json\/wp\/v2\/comments?post=1730"}],"version-history":[{"count":8,"href":"https:\/\/www.epca.ch\/www\/wp-json\/wp\/v2\/pages\/1730\/revisions"}],"predecessor-version":[{"id":3059,"href":"https:\/\/www.epca.ch\/www\/wp-json\/wp\/v2\/pages\/1730\/revisions\/3059"}],"wp:attachment":[{"href":"https:\/\/www.epca.ch\/www\/wp-json\/wp\/v2\/media?parent=1730"}],"curies":[{"name":"wp","href":"https:\/\/api.w.org\/{rel}","templated":true}]}}