{"id":2056,"date":"2025-05-26T09:33:35","date_gmt":"2025-05-26T07:33:35","guid":{"rendered":"https:\/\/www.epca.ch\/www\/?page_id=2056"},"modified":"2025-10-27T10:25:43","modified_gmt":"2025-10-27T09:25:43","slug":"reglement","status":"publish","type":"page","link":"https:\/\/www.epca.ch\/www\/reglement\/","title":{"rendered":"R\u00e8glements"},"content":{"rendered":"\n<h2 class=\"wp-block-heading has-source-serif-4-font-family has-xx-large-font-size\" style=\"font-style:normal;font-weight:300\">R\u00e9glements de <span class=\"bleu-epca\">l\u2019EPCA <\/span><\/h2>\n\n\n\n<div class=\"wp-block-columns colonnes-egales is-layout-flex wp-container-core-columns-is-layout-fdab853b wp-block-columns-is-layout-flex\" style=\"margin-top:var(--wp--preset--spacing--40);margin-bottom:var(--wp--preset--spacing--40);padding-right:var(--wp--preset--spacing--30);padding-left:var(--wp--preset--spacing--30)\">\n<div class=\"wp-block-column is-vertically-aligned-stretch has-background is-layout-flow wp-block-column-is-layout-flow\" style=\"border-top-right-radius:33px;background-color:#f2f2f2;padding-right:0;padding-left:0\">\n<div class=\"wp-block-group has-global-padding is-layout-constrained wp-container-core-group-is-layout-7db9d80f wp-block-group-is-layout-constrained\" style=\"padding-right:0;padding-left:0\">\n<div class=\"wp-block-group block-gris has-global-padding is-layout-constrained wp-container-core-group-is-layout-0c2fbd0a wp-block-group-is-layout-constrained\" style=\"border-top-right-radius:33px;margin-top:0;margin-bottom:0;padding-top:var(--wp--preset--spacing--30);padding-right:var(--wp--preset--spacing--30);padding-bottom:var(--wp--preset--spacing--30);padding-left:var(--wp--preset--spacing--30)\">\n<div class=\"wp-block-group is-nowrap is-layout-flex wp-container-core-group-is-layout-6c531013 wp-block-group-is-layout-flex\">\n<h2 class=\"wp-block-heading\">R\u00e8glement <span class=\"bleu-epca\">absences<\/span> <\/h2>\n\n\n\n<figure class=\"wp-block-image size-full fleche\"><img loading=\"lazy\" decoding=\"async\" width=\"30\" height=\"30\" src=\"https:\/\/www.epca.ch\/www\/wp-content\/uploads\/2025\/05\/fleche.png\" alt=\"\" class=\"wp-image-1948\"\/><\/figure>\n<\/div>\n\n\n\n<p>Tous les cours et toutes les activit\u00e9s organis\u00e9es par l\u2019\u00e9cole sont obligatoires. Les absences doivent \u00eatre justifi\u00e9es aupr\u00e8s du doyen \/ de la doyenne. Un relev\u00e9 d\u2019absences est envoy\u00e9 de mani\u00e8re hebdomadaire aux \u00e9l\u00e8ves, aux responsables de formation ainsi qu&rsquo;aux repr\u00e9sentants l\u00e9gaux.<\/p>\n\n\n\n<div class=\"wp-block-group has-global-padding is-layout-constrained wp-block-group-is-layout-constrained\">\n<div class=\"wp-block-buttons alignwide bouton-espace is-vertical is-layout-flex wp-container-core-buttons-is-layout-fe9cc265 wp-block-buttons-is-layout-flex\">\n<div class=\"wp-block-button has-custom-width wp-block-button__width-100 is-style-fill\"><a class=\"wp-block-button__link has-large-font-size has-custom-font-size wp-element-button\" href=\"https:\/\/epca.ch\/www\/contenu\/docs_reglements\/EPCA_ReglementAbsences.pdf\" target=\"_blank\" rel=\"noreferrer noopener\">Voir<\/a><\/div>\n<\/div>\n<\/div>\n<\/div>\n<\/div>\n<\/div>\n\n\n\n<div class=\"wp-block-column is-vertically-aligned-stretch has-background is-layout-flow wp-block-column-is-layout-flow\" style=\"border-top-right-radius:33px;background-color:#f2f2f2\">\n<div class=\"wp-block-group has-global-padding is-layout-constrained wp-container-core-group-is-layout-7db9d80f wp-block-group-is-layout-constrained\" style=\"padding-right:0;padding-left:0\">\n<div class=\"wp-block-group block-gris has-global-padding is-layout-constrained wp-container-core-group-is-layout-0c2fbd0a wp-block-group-is-layout-constrained\" style=\"border-top-right-radius:33px;margin-top:0;margin-bottom:0;padding-top:var(--wp--preset--spacing--30);padding-right:var(--wp--preset--spacing--30);padding-bottom:var(--wp--preset--spacing--30);padding-left:var(--wp--preset--spacing--30)\">\n<div class=\"wp-block-group is-nowrap is-layout-flex wp-container-core-group-is-layout-6c531013 wp-block-group-is-layout-flex\">\n<h2 class=\"wp-block-heading\"><span class=\"bleu-epca\">Rattrapages<\/span> travaux <\/h2>\n\n\n\n<figure class=\"wp-block-image size-full is-resized fleche\"><img loading=\"lazy\" decoding=\"async\" width=\"30\" height=\"30\" src=\"https:\/\/www.epca.ch\/www\/wp-content\/uploads\/2025\/05\/fleche.png\" alt=\"\" class=\"wp-image-1948\" style=\"width:30px;height:auto\"\/><\/figure>\n<\/div>\n\n\n\n<p>En cas d\u2019absence lors d\u2019un test, l\u2019\u00e9l\u00e8ve est inscrit automatiquement \u00e0 la prochaine session de rattrapages. La liste est disponible sur le&nbsp;<a href=\"https:\/\/eduvaud.sharepoint.com\/sites\/EPCA\/SitePages\/Eleves.aspx\" target=\"_blank\" rel=\"noreferrer noopener\">Sharepoint<\/a> de l\u2019\u00e9cole.<\/p>\n\n\n\n<div class=\"wp-block-group has-global-padding is-layout-constrained wp-block-group-is-layout-constrained\">\n<div class=\"wp-block-buttons alignwide bouton-espace is-vertical is-layout-flex wp-container-core-buttons-is-layout-fe9cc265 wp-block-buttons-is-layout-flex\">\n<div class=\"wp-block-button has-custom-width wp-block-button__width-100 is-style-fill\"><a class=\"wp-block-button__link has-large-font-size has-custom-font-size wp-element-button\" href=\"https:\/\/epca.ch\/www\/contenu\/docs_reglements\/EPCA_CalendrierRattrapages.pdf\" target=\"_blank\" rel=\"noreferrer noopener\">Voir<\/a><\/div>\n<\/div>\n<\/div>\n<\/div>\n<\/div>\n<\/div>\n<\/div>\n\n\n\n<div class=\"wp-block-columns colonnes-egales is-layout-flex wp-container-core-columns-is-layout-fdab853b wp-block-columns-is-layout-flex\" style=\"margin-top:var(--wp--preset--spacing--40);margin-bottom:var(--wp--preset--spacing--40);padding-right:var(--wp--preset--spacing--30);padding-left:var(--wp--preset--spacing--30)\">\n<div class=\"wp-block-column is-vertically-aligned-stretch has-background is-layout-flow wp-block-column-is-layout-flow\" style=\"border-top-right-radius:33px;background-color:#f2f2f2;padding-right:0;padding-left:0\">\n<div class=\"wp-block-group has-global-padding is-layout-constrained wp-container-core-group-is-layout-7db9d80f wp-block-group-is-layout-constrained\" style=\"padding-right:0;padding-left:0\">\n<div class=\"wp-block-group block-gris has-global-padding is-layout-constrained wp-container-core-group-is-layout-0c2fbd0a wp-block-group-is-layout-constrained\" style=\"border-top-right-radius:33px;margin-top:0;margin-bottom:0;padding-top:var(--wp--preset--spacing--30);padding-right:var(--wp--preset--spacing--30);padding-bottom:var(--wp--preset--spacing--30);padding-left:var(--wp--preset--spacing--30)\">\n<div class=\"wp-block-group is-nowrap is-layout-flex wp-container-core-group-is-layout-6c531013 wp-block-group-is-layout-flex\">\n<h2 class=\"wp-block-heading\"><span class=\"bleu-epca\">Justificatif<\/span> d\u2019absences <\/h2>\n\n\n\n<figure class=\"wp-block-image size-full fleche\"><img loading=\"lazy\" decoding=\"async\" width=\"30\" height=\"30\" src=\"https:\/\/www.epca.ch\/www\/wp-content\/uploads\/2025\/05\/fleche.png\" alt=\"\" class=\"wp-image-1948\"\/><\/figure>\n<\/div>\n\n\n\n<p>Formulaire \u00e0 compl\u00e9ter pour toute absence. En cas de test manqu\u00e9, le justificatif doit \u00eatre remis au secr\u00e9tariat par email (secretariat.epca[at]vd.ch) au plus tard \u00e0&nbsp;13h30 le jour du rattrapage.&nbsp;<\/p>\n\n\n\n<div class=\"wp-block-group has-global-padding is-layout-constrained wp-block-group-is-layout-constrained\">\n<div class=\"wp-block-buttons alignwide bouton-espace is-vertical is-layout-flex wp-container-core-buttons-is-layout-fe9cc265 wp-block-buttons-is-layout-flex\">\n<div class=\"wp-block-button has-custom-width wp-block-button__width-100 is-style-fill\"><a class=\"wp-block-button__link has-large-font-size has-custom-font-size wp-element-button\" href=\"https:\/\/epca.ch\/www\/contenu\/docs_reglements\/EPCA_JustificatifAbsences.pdf\" target=\"_blank\" rel=\"noreferrer noopener\">Voir<\/a><\/div>\n<\/div>\n<\/div>\n<\/div>\n<\/div>\n<\/div>\n\n\n\n<div class=\"wp-block-column is-vertically-aligned-stretch has-background is-layout-flow wp-block-column-is-layout-flow\" style=\"border-top-right-radius:33px;background-color:#f2f2f2\">\n<div class=\"wp-block-group has-global-padding is-layout-constrained wp-container-core-group-is-layout-7db9d80f wp-block-group-is-layout-constrained\" style=\"padding-right:0;padding-left:0\">\n<div class=\"wp-block-group block-gris has-global-padding is-layout-constrained wp-container-core-group-is-layout-0c2fbd0a wp-block-group-is-layout-constrained\" style=\"border-top-right-radius:33px;margin-top:0;margin-bottom:0;padding-top:var(--wp--preset--spacing--30);padding-right:var(--wp--preset--spacing--30);padding-bottom:var(--wp--preset--spacing--30);padding-left:var(--wp--preset--spacing--30)\">\n<div class=\"wp-block-group is-nowrap is-layout-flex wp-container-core-group-is-layout-6c531013 wp-block-group-is-layout-flex\">\n<h2 class=\"wp-block-heading\"><span class=\"bleu-epca\">Comportement<\/span> aux cours <\/h2>\n\n\n\n<figure class=\"wp-block-image size-full fleche\"><img loading=\"lazy\" decoding=\"async\" width=\"30\" height=\"30\" src=\"https:\/\/www.epca.ch\/www\/wp-content\/uploads\/2025\/05\/fleche.png\" alt=\"\" class=\"wp-image-1948\"\/><\/figure>\n<\/div>\n\n\n\n<p>Ce document informe les \u00e9l\u00e8ves quant au comportement qui est attendu de leur part durant les cours professionnels.<\/p>\n\n\n\n<div class=\"wp-block-group has-global-padding is-layout-constrained wp-block-group-is-layout-constrained\">\n<div class=\"wp-block-buttons alignwide bouton-espace is-vertical is-layout-flex wp-container-core-buttons-is-layout-fe9cc265 wp-block-buttons-is-layout-flex\">\n<div class=\"wp-block-button has-custom-width wp-block-button__width-100 is-style-fill\"><a class=\"wp-block-button__link has-large-font-size has-custom-font-size wp-element-button\" href=\"https:\/\/epca.ch\/www\/contenu\/docs_reglements\/EPCA_Comportement.pdf\" target=\"_blank\" rel=\"noreferrer noopener\">Voir<\/a><\/div>\n<\/div>\n<\/div>\n<\/div>\n<\/div>\n<\/div>\n<\/div>\n\n\n\n<div class=\"wp-block-columns has-base-background-color has-background is-layout-flex wp-container-core-columns-is-layout-28f84493 wp-block-columns-is-layout-flex\">\n<div class=\"wp-block-column is-layout-flow wp-block-column-is-layout-flow\">\n<h2 class=\"wp-block-heading has-text-align-center\">Autres <span class=\"bleu-epca\">documents <\/span>utiles<\/h2>\n\n\n\n<figure class=\"wp-block-image alignright size-full fleche\"><img loading=\"lazy\" decoding=\"async\" width=\"30\" height=\"30\" src=\"https:\/\/www.epca.ch\/www\/wp-content\/uploads\/2025\/05\/fleche.png\" alt=\"\" class=\"wp-image-1948\"\/><\/figure>\n\n\n\n<div class=\"wp-block-buttons is-content-justification-center is-layout-flex wp-container-core-buttons-is-layout-a89b3969 wp-block-buttons-is-layout-flex\">\n<div class=\"wp-block-button\"><a class=\"wp-block-button__link wp-element-button\" href=\"\/www\/contenu\/InfosDeBase\/EPCA_Reglement2011.pdf\" target=\"_blank\" rel=\"noreferrer noopener\">R\u00e8glement interne<\/a><\/div>\n\n\n\n<div class=\"wp-block-button\"><a class=\"wp-block-button__link wp-element-button\" href=\"\/www\/contenu\/InfosDeBase\/EPCA_charte_2017.pdf\" target=\"_blank\" rel=\"noreferrer noopener\">Charte de l&rsquo;\u00e9cole<\/a><\/div>\n\n\n\n<div class=\"wp-block-button\"><a class=\"wp-block-button__link wp-element-button\" href=\"\/www\/contenu\/InfosDeBase\/EPCA_CharteInformatique.pdf\" target=\"_blank\" rel=\"noreferrer noopener\">Charte informatique<\/a><\/div>\n<\/div>\n\n\n\n<div class=\"wp-block-group has-global-padding is-layout-constrained wp-block-group-is-layout-constrained\">\n<div class=\"wp-block-buttons is-content-justification-center is-layout-flex wp-container-core-buttons-is-layout-72caf8c6 wp-block-buttons-is-layout-flex\">\n<div class=\"wp-block-button\"><a class=\"wp-block-button__link has-text-align-center wp-element-button\" href=\"\/www\/contenu\/docs_reglements\/r%C3%A8glement%20cours%20de%20sport%202025-2026.pdf\" target=\"_blank\" rel=\"noreferrer noopener\">R\u00e8glement cours de sport<\/a><\/div>\n<\/div>\n<\/div>\n<\/div>\n<\/div>\n\n\n\n<p><\/p>\n","protected":false},"excerpt":{"rendered":"<p>R\u00e9glements de l\u2019EPCA R\u00e8glement absences Tous les cours et toutes les activit\u00e9s organis\u00e9es par l\u2019\u00e9cole sont obligatoires. Les absences doivent \u00eatre justifi\u00e9es aupr\u00e8s du doyen \/ de la doyenne. Un relev\u00e9 d\u2019absences est envoy\u00e9 de mani\u00e8re hebdomadaire aux \u00e9l\u00e8ves, aux responsables de formation ainsi qu&rsquo;aux repr\u00e9sentants l\u00e9gaux. Rattrapages travaux En cas d\u2019absence lors d\u2019un test, [&hellip;]<\/p>\n","protected":false},"author":3,"featured_media":0,"parent":0,"menu_order":0,"comment_status":"closed","ping_status":"closed","template":"","meta":{"footnotes":""},"class_list":["post-2056","page","type-page","status-publish","hentry"],"_links":{"self":[{"href":"https:\/\/www.epca.ch\/www\/wp-json\/wp\/v2\/pages\/2056","targetHints":{"allow":["GET"]}}],"collection":[{"href":"https:\/\/www.epca.ch\/www\/wp-json\/wp\/v2\/pages"}],"about":[{"href":"https:\/\/www.epca.ch\/www\/wp-json\/wp\/v2\/types\/page"}],"author":[{"embeddable":true,"href":"https:\/\/www.epca.ch\/www\/wp-json\/wp\/v2\/users\/3"}],"replies":[{"embeddable":true,"href":"https:\/\/www.epca.ch\/www\/wp-json\/wp\/v2\/comments?post=2056"}],"version-history":[{"count":26,"href":"https:\/\/www.epca.ch\/www\/wp-json\/wp\/v2\/pages\/2056\/revisions"}],"predecessor-version":[{"id":3028,"href":"https:\/\/www.epca.ch\/www\/wp-json\/wp\/v2\/pages\/2056\/revisions\/3028"}],"wp:attachment":[{"href":"https:\/\/www.epca.ch\/www\/wp-json\/wp\/v2\/media?parent=2056"}],"curies":[{"name":"wp","href":"https:\/\/api.w.org\/{rel}","templated":true}]}}