{"id":2062,"date":"2025-05-26T09:35:32","date_gmt":"2025-05-26T07:35:32","guid":{"rendered":"https:\/\/www.epca.ch\/www\/?page_id=2062"},"modified":"2025-10-27T10:30:12","modified_gmt":"2025-10-27T09:30:12","slug":"documents-pdf","status":"publish","type":"page","link":"https:\/\/www.epca.ch\/www\/documents-pdf\/","title":{"rendered":"Documents \u00e0 t\u00e9l\u00e9charger"},"content":{"rendered":"\n<div class=\"wp-block-columns is-layout-flex wp-container-core-columns-is-layout-9409fc81 wp-block-columns-is-layout-flex\" style=\"margin-top:0px;margin-bottom:0px;padding-top:0;padding-right:var(--wp--preset--spacing--30);padding-bottom:0;padding-left:var(--wp--preset--spacing--30)\">\n<div class=\"wp-block-column has-background is-layout-flow wp-block-column-is-layout-flow\" style=\"border-style:none;border-width:0px;border-top-right-radius:35px;background-color:#f2f2f2;padding-top:var(--wp--preset--spacing--40);padding-right:var(--wp--preset--spacing--40);padding-bottom:var(--wp--preset--spacing--40);padding-left:var(--wp--preset--spacing--40)\">\n<h2 class=\"wp-block-heading\">Vous cherchez un document ?<\/h2>\n\n\n\n<p class=\"has-medium-font-size\">La page \u00ab\u00a0Documents \u00e0 t\u00e9l\u00e9charger\u00a0\u00bb regroupe en un seul endroit tous les fichiers utiles li\u00e9s \u00e0 la vie scolaire \u00e0 l&rsquo;EPCA. Que ce soit les r\u00e8glements, les horaires ou les formulaires, tout est centralis\u00e9 pour un acc\u00e8s rapide et pratique. Cette page facilite la recherche de documents officiels et garantit que chacun dispose des derni\u00e8res versions \u00e0 jour.<\/p>\n\n\n\n<h2 class=\"wp-block-heading has-contrast-color has-text-color has-link-color wp-elements-f77e579b59e0c243c273b3b5318fc22c\"><span class=\"bleu-epca\">Calendrier<\/span> et <span class=\"bleu-epca\">horaire<\/span> <\/h2>\n\n\n\n<h2 class=\"wp-block-heading has-large-font-size\"><a href=\"\/www\/contenu\/InfosDeBase\/2025-2026_CalendrierGeneral.pdf\" target=\"_blank\" rel=\"noreferrer noopener\">Calendrier 2025-2026<\/a><\/h2>\n\n\n\n<h2 class=\"wp-block-heading has-large-font-size\"><a href=\"\/www\/contenu\/docs_horaire\/EPCA_Horaire.pdf\" target=\"_blank\" rel=\"noreferrer noopener\">Horaires 2025-2026<\/a><\/h2>\n\n\n\n<h2 class=\"wp-block-heading has-large-font-size\"><a href=\"\/www\/contenu\/InfosDeBase\/2025-2026_JoursDeCours.pdf\" target=\"_blank\" rel=\"noreferrer noopener\">Jours de cours 2025-2026<\/a><\/h2>\n\n\n\n<h2 class=\"wp-block-heading has-large-font-size\"><a href=\"\/www\/contenu\/docs_filieres\/PEE%20Sport%202025%20-%202026.pdf\" target=\"_blank\" rel=\"noreferrer noopener\">Sport 2025-2026<\/a><\/h2>\n\n\n\n<h2 class=\"wp-block-heading has-custom-bleu-color has-text-color has-link-color wp-elements-0af0ca47581b0141c23db83ed69498bc\">Formations<\/h2>\n\n\n\n<h2 class=\"wp-block-heading has-large-font-size\">Employ\u00e9\u00b7e de commerce<\/h2>\n\n\n\n<h2 class=\"wp-block-heading has-medium-font-size\"><a href=\"https:\/\/www.epca.ch\/www\/contenu\/docs_filieres\/EPCA_FicheInfo_Commerce_CFC.pdf\" target=\"_blank\" rel=\"noreferrer noopener\">Fiche d&rsquo;information CFC<\/a><\/h2>\n\n\n\n<h2 class=\"wp-block-heading has-medium-font-size\"><a href=\"https:\/\/www.epca.ch\/www\/contenu\/docs_filieres\/EPCA_FicheInfo_Commerce_AFP.pdf\" target=\"_blank\" rel=\"noreferrer noopener\">Fiche d&rsquo;information AFP<\/a><\/h2>\n\n\n\n<h2 class=\"wp-block-heading has-medium-font-size\"><a href=\"\/www\/contenu\/docs_filieres\/EPCA_FicheInfo_Commerce_CFC_CPA.pdf\" target=\"_blank\" rel=\"noreferrer noopener\">Fiche d&rsquo;information CPA<\/a><\/h2>\n\n\n\n<h2 class=\"wp-block-heading has-medium-font-size\"><a href=\"\/www\/contenu\/docs_filieres\/EPCA_CPA_2025-2026_InformationsPlanification.pdf\" target=\"_blank\" rel=\"noreferrer noopener\">Planning CPA mars 2025-juin 2026<\/a><\/h2>\n\n\n\n<h2 class=\"wp-block-heading has-medium-font-size\"><a href=\"\/www\/contenu\/docs_filieres\/EPCA_FicheInfo_Commerce_Bilingue.pdf\" target=\"_blank\" rel=\"noreferrer noopener\">Fiche d&rsquo;information CFC bilingue fran\u00e7ais-anglais<\/a><\/h2>\n\n\n\n<h2 class=\"wp-block-heading has-medium-font-size\"><a href=\"https:\/\/epca.ch\/www\/contenu\/docs_excel_calcul_moyennes\/EPCA_CalculMoyennes_CC.xlsx\" target=\"_blank\" rel=\"noreferrer noopener\">Calcul des moyennes CFC<\/a><\/h2>\n\n\n\n<h2 class=\"wp-block-heading has-medium-font-size\"><a href=\"https:\/\/epca.ch\/www\/contenu\/docs_excel_calcul_moyennes\/EPCA_CalculMoyennes_AC.xlsx\" target=\"_blank\" rel=\"noreferrer noopener\">Calcul des moyennes AFP<\/a><\/h2>\n\n\n\n<h2 class=\"wp-block-heading has-medium-font-size\"><a href=\"https:\/\/www.epca.ch\/www\/contenu\/docs_filieres\/EPCA_Commerce2023_Annee1_ProgrammeEnseignement.pdf\" target=\"_blank\" rel=\"noreferrer noopener\">Progamme 1\u00e8re ann\u00e9e CFC<\/a><\/h2>\n\n\n\n<h2 class=\"wp-block-heading has-medium-font-size\"><a href=\"https:\/\/epca.ch\/www\/contenu\/docs_filieres\/EPCA_Commerce_CFC_Annee2_ProgrammeEnseignement.pdf\" target=\"_blank\" rel=\"noreferrer noopener\">Programme 2\u00e8me ann\u00e9e CFC<\/a><\/h2>\n\n\n\n<h2 class=\"wp-block-heading has-medium-font-size\"><a href=\"https:\/\/www.epca.ch\/www\/contenu\/docs_filieres\/EPCA_Commerce_AFP_Annee1_ProgrammeEnseignement.pdf\" target=\"_blank\" rel=\"noreferrer noopener\">Programme 1\u00e8re ann\u00e9e AFP<\/a><\/h2>\n\n\n\n<h2 class=\"wp-block-heading has-medium-font-size\"><a href=\"\/www\/contenu\/docs_filieres\/EPCA_Commerce_AFP_Annee2_ProgrammeEnseignement.pdf\" target=\"_blank\" rel=\"noreferrer noopener\">Programme 2\u00e8me ann\u00e9e AFP<\/a><\/h2>\n\n\n\n<h2 class=\"wp-block-heading has-medium-font-size\"><a href=\"\/www\/contenu\/docs_filieres\/EPCA_Information_CoursOptions3eAnnee.pdf\" target=\"_blank\" rel=\"noreferrer noopener\">Fiche d&rsquo;information Options 3\u00e8me ann\u00e9e<\/a><\/h2>\n\n\n\n<h2 class=\"wp-block-heading has-medium-font-size\"><a href=\"\/www\/contenu\/docs_filieres\/EPCA_Formulaire_inscription_CoursOptionCC3eAnnee.pdf\" target=\"_blank\" rel=\"noreferrer noopener\">Formulaire d&rsquo;inscription Options 3\u00e8me ann\u00e9e<\/a><\/h2>\n\n\n\n<h2 class=\"wp-block-heading has-medium-font-size\"><a href=\"\/www\/contenu\/docs_filieres\/EdC_CFC_AA_3_Option_Finances.pdf\" target=\"_blank\" rel=\"noreferrer noopener\">Option Finances<\/a><\/h2>\n\n\n\n<h2 class=\"wp-block-heading has-medium-font-size\"><a href=\"\/www\/contenu\/docs_filieres\/EdC_CFC_AA_3_Options_Langues.pdf\" target=\"_blank\" rel=\"noreferrer noopener\">Option Langues<\/a><\/h2>\n\n\n\n<h2 class=\"wp-block-heading has-medium-font-size\"><a href=\"\/www\/contenu\/docs_filieres\/EdC_CFC_AA_3_Option_Technologie.pdf\" target=\"_blank\" rel=\"noreferrer noopener\">Option Technologie<\/a><\/h2>\n\n\n\n<h2 class=\"wp-block-heading has-medium-font-size\"><a href=\"https:\/\/www.epca.ch\/www\/contenu\/docs_divers\/EPCA_Competences_Specifications_Num%C3%A9riques_2024.pdf\" target=\"_blank\" rel=\"noreferrer noopener\">Mat\u00e9riel et comp\u00e9tences num\u00e9riques<\/a><\/h2>\n\n\n\n<h2 class=\"wp-block-heading has-medium-font-size\"><a href=\"https:\/\/epca.ch\/www\/contenu\/docs_filieres\/Commerce2023_Portfolio.pdf\" target=\"_blank\" rel=\"noreferrer noopener\">Portfolio<\/a><\/h2>\n\n\n\n<h2 class=\"wp-block-heading has-large-font-size\">\u00c9cole de commerce<\/h2>\n\n\n\n<h2 class=\"wp-block-heading has-medium-font-size\"><a href=\"\/www\/contenu\/docs_divers\/Flyer%20Ecole%20de%20commerce.docx\" target=\"_blank\" rel=\"noreferrer noopener\">Fllyer<\/a><\/h2>\n\n\n\n<h2 class=\"wp-block-heading has-large-font-size\">Gestionnaire\/Assistant du commerce de d\u00e9tail<\/h2>\n\n\n\n<h2 class=\"wp-block-heading has-medium-font-size\"><a href=\"https:\/\/www.epca.ch\/www\/contenu\/docs_filieres\/EPCA_FicheInfo_Vente_2022_CFC.pdf\" target=\"_blank\" rel=\"noreferrer noopener\">Fiche d&rsquo;information CFC<\/a><\/h2>\n\n\n\n<h2 class=\"wp-block-heading has-medium-font-size\"><a href=\"\/www\/contenu\/docs_filieres\/EPCA_FicheInfo_Vente_2022_AFP.pdf\" target=\"_blank\" rel=\"noreferrer noopener\">Fiche d&rsquo;information AFP<\/a><\/h2>\n\n\n\n<h2 class=\"wp-block-heading has-medium-font-size\"><a href=\"https:\/\/epca.ch\/www\/contenu\/docs_excel_calcul_moyennes\/EPCA_CalculMoyennes_CV_ASALA.xlsx\" target=\"_blank\" rel=\"noreferrer noopener\">Calcul des moyennes CFC : branches Landi, After Sales et Alimentation<\/a><\/h2>\n\n\n\n<h2 class=\"wp-block-heading has-medium-font-size\"><a href=\"https:\/\/epca.ch\/www\/contenu\/docs_excel_calcul_moyennes\/EPCA_CalculMoyennes_CV.xlsx\" target=\"_blank\" rel=\"noreferrer noopener\">Calcul des moyennes CFC : autres branches<\/a><\/h2>\n\n\n\n<h2 class=\"wp-block-heading has-medium-font-size\"><a href=\"https:\/\/epca.ch\/www\/contenu\/docs_excel_calcul_moyennes\/EPCA_CalculMoyennes_AV_ASALA.xlsx\" target=\"_blank\" rel=\"noreferrer noopener\">Calcul des moyennes AFP : branches Landi, After Sales et Alimentation<\/a><\/h2>\n\n\n\n<h2 class=\"wp-block-heading has-medium-font-size\"><a href=\"https:\/\/epca.ch\/www\/contenu\/docs_excel_calcul_moyennes\/EPCA_CalculMoyennes_AV.xlsx\" target=\"_blank\" rel=\"noreferrer noopener\">Calcul des moyennes AFP : autres branches<\/a><\/h2>\n\n\n\n<h2 class=\"wp-block-heading has-medium-font-size\"><a href=\"\/www\/contenu\/docs_filieres\/CFC_1%C3%A8re_Vente2022_Programme.pdf\" target=\"_blank\" rel=\"noreferrer noopener\">Progamme 1\u00e8re ann\u00e9e CFC<\/a><\/h2>\n\n\n\n<h2 class=\"wp-block-heading has-medium-font-size\"><a href=\"\/www\/contenu\/docs_filieres\/CFC_2%C3%A8me_Vente2022_Programme.pdf\" target=\"_blank\" rel=\"noreferrer noopener\">Progamme 2\u00e8me ann\u00e9e CFC<\/a><\/h2>\n\n\n\n<h2 class=\"wp-block-heading has-medium-font-size\"><a href=\"\/www\/contenu\/docs_filieres\/CFC_3%C3%A8me_Vente2022_Programme.pdf\" target=\"_blank\" rel=\"noreferrer noopener\">Progamme 3\u00e8me ann\u00e9e CFC<\/a><\/h2>\n\n\n\n<h2 class=\"wp-block-heading has-medium-font-size\"><a href=\"\/www\/contenu\/docs_filieres\/AFP_1ere_Vente2022_Programme.pdf\" target=\"_blank\" rel=\"noreferrer noopener\">Progamme 1\u00e8re ann\u00e9e AFP<\/a><\/h2>\n\n\n\n<h2 class=\"wp-block-heading has-medium-font-size\"><a href=\"\/www\/contenu\/docs_filieres\/AFP_2eme_Vente2022_Programme.pdf\" target=\"_blank\" rel=\"noreferrer noopener\">Progamme 2\u00e8me ann\u00e9e AFP<\/a><\/h2>\n\n\n\n<h2 class=\"wp-block-heading has-medium-font-size\"><a href=\"https:\/\/www.epca.ch\/www\/contenu\/docs_divers\/EPCA_Competences_Specifications_Num%C3%A9riques_2024.pdf\" target=\"_blank\" rel=\"noreferrer noopener\">Mat\u00e9riel et comp\u00e9tences num\u00e9riques<\/a><\/h2>\n\n\n\n<h2 class=\"wp-block-heading has-large-font-size\">Assistant\u00b7e socio-\u00e9ducatif\/ve<\/h2>\n\n\n\n<h2 class=\"wp-block-heading has-medium-font-size\"><a href=\"https:\/\/epca.ch\/www\/contenu\/docs_filieres\/EPCA_FicheInfo_ASE.pdf\" target=\"_blank\" rel=\"noreferrer noopener\">Fiche d&rsquo;information CFC<\/a><\/h2>\n\n\n\n<h2 class=\"wp-block-heading has-medium-font-size\"><a href=\"\/www\/contenu\/docs_excel_calcul_moyennes\/EPCA_CalculMoyennes_ASE.xlsx\" target=\"_blank\" rel=\"noreferrer noopener\">Calcul des moyennes CFC<\/a><\/h2>\n\n\n\n<h2 class=\"wp-block-heading has-medium-font-size\"><a href=\"\/www\/contenu\/docs_filieres\/EPCA_FicheInfo_ASE_CPA.pdf\" target=\"_blank\" rel=\"noreferrer noopener\">Fiche d&rsquo;information CPA<\/a><\/h2>\n\n\n\n<h2 class=\"wp-block-heading has-medium-font-size\"><a href=\"\/www\/contenu\/docs_filieres\/Contenus%20par%20DCO%20-%20Art.%2032.pdf\" target=\"_blank\" rel=\"noreferrer noopener\">Contenus par DCO CPA<\/a><\/h2>\n\n\n\n<h2 class=\"wp-block-heading has-large-font-size\">Maturit\u00e9 professionnelle \u00e9conomie et services<\/h2>\n\n\n\n<h2 class=\"wp-block-heading has-medium-font-size\"><a href=\"https:\/\/www.per-mp.ch\" target=\"_blank\" rel=\"noreferrer noopener\">Plan d&rsquo;\u00e9tude romand<\/a><\/h2>\n\n\n\n<h2 class=\"wp-block-heading has-medium-font-size\"><a href=\"https:\/\/www.fedlex.admin.ch\/eli\/cc\/2009\/423\/fr\" target=\"_blank\" rel=\"noreferrer noopener\">Ordonnance f\u00e9d\u00e9rale<\/a><\/h2>\n\n\n\n<h2 class=\"wp-block-heading has-medium-font-size\"><a href=\"\/www\/contenu\/docs_filieres\/131121%20P%C3%A9riodes%20enseign.%20MP%20Economie-Services%20type%20Economie.pdf\" target=\"_blank\" rel=\"noreferrer noopener\">Tableau des le\u00e7ons CLPO<\/a><\/h2>\n\n\n\n<h2 class=\"wp-block-heading has-medium-font-size\"><a href=\"\/www\/contenu\/docs_filieres\/EPCA_FicheInfo_Commerce_MP.pdf\" target=\"_blank\" rel=\"noreferrer noopener\">Conditions de promotion et de r\u00e9ussite mod\u00e8le int\u00e9gr\u00e9<\/a><\/h2>\n\n\n\n<h2 class=\"wp-block-heading has-medium-font-size\"><a href=\"\/www\/contenu\/docs_filieres\/EPCA_MP-Ee_CondPromo.pdf\" target=\"_blank\" rel=\"noreferrer noopener\">Conditions de promotion mod\u00e8le post-CFC en emploi (2 ans)<\/a><\/h2>\n\n\n\n<h2 class=\"wp-block-heading has-medium-font-size\"><a href=\"\/www\/contenu\/docs_filieres\/EPCA_MP-E_CondReussite.pdf\" target=\"_blank\" rel=\"noreferrer noopener\">Conditions de r\u00e9ussite mod\u00e8le post-CFC en emploi (2 ans)<\/a><\/h2>\n\n\n\n<h2 class=\"wp-block-heading has-medium-font-size\"><a href=\"\/www\/contenu\/docs_filieres\/EPCA_MP-Ep_CondPromo.pdf\" target=\"_blank\" rel=\"noreferrer noopener\">Conditions de promotion mod\u00e8le post-CFC \u00e0 plein temps (1 an)<\/a><\/h2>\n\n\n\n<h2 class=\"wp-block-heading has-medium-font-size\"><a href=\"\/www\/contenu\/docs_filieres\/EPCA_MP-E_CondReussite.pdf\" target=\"_blank\" rel=\"noreferrer noopener\">Conditions de r\u00e9ussite mod\u00e8le post-CFC \u00e0 plein temps (1 an)<\/a><\/h2>\n\n\n\n<h2 class=\"wp-block-heading has-medium-font-size\"><a href=\"\/www\/contenu\/docs_excel_calcul_moyennes\/EPCA_CalculMoyennes_MC.xlsx\" target=\"_blank\" rel=\"noreferrer noopener\">Calcul des moyennes mod\u00e8le int\u00e9gr\u00e9<\/a><\/h2>\n\n\n\n<h2 class=\"wp-block-heading has-medium-font-size\"><a href=\"\/www\/contenu\/docs_excel_calcul_moyennes\/EPCA_CalculMoyennes_MatuEnEmploi.xlsx\" target=\"_blank\" rel=\"noreferrer noopener\">Calcul des moyennes mod\u00e8le post-CFC en emploi (2 ans)<\/a><\/h2>\n\n\n\n<h2 class=\"wp-block-heading has-medium-font-size\"><a href=\"\/www\/contenu\/docs_excel_calcul_moyennes\/EPCA_CalculMoyennes_MatuPleinTemps.xlsx\" target=\"_blank\" rel=\"noreferrer noopener\">Calcul des moyennes mod\u00e8le post-CFC \u00e0 plein temps (1 an)<\/a><\/h2>\n\n\n\n<h2 class=\"wp-block-heading has-large-font-size\">Cours de pr\u00e9paration \u00e0 la maturit\u00e9 professionnelle<\/h2>\n\n\n\n<h2 class=\"wp-block-heading has-medium-font-size\"><a href=\"\/www\/contenu\/docs_filieres\/EPCA_CoursMAD_25-26.pdf\" target=\"_blank\" rel=\"noreferrer noopener\">Calendrier des cours<\/a><\/h2>\n\n\n\n<h2 class=\"wp-block-heading has-large-font-size\">Pr\u00e9apprentissage<\/h2>\n\n\n\n<h2 class=\"wp-block-heading has-medium-font-size\"><a href=\"\/www\/contenu\/docs_filieres\/EPCA_FicheInfo_Preapprentissage.pdf\" target=\"_blank\" rel=\"noreferrer noopener\">Fiche d&rsquo;information<\/a><\/h2>\n\n\n\n<h2 class=\"wp-block-heading has-custom-bleu-color has-text-color has-link-color wp-elements-86169ef120989a47c45f31f80096ca01\">R\u00e8glement<\/h2>\n\n\n\n<h2 class=\"wp-block-heading has-large-font-size\"><a href=\"https:\/\/epca.ch\/www\/contenu\/docs_reglements\/EPCA_ReglementAbsences.pdf\" target=\"_blank\" rel=\"noreferrer noopener\">Absences<\/a><\/h2>\n\n\n\n<h2 class=\"wp-block-heading has-large-font-size\"><a href=\"https:\/\/epca.ch\/www\/contenu\/docs_reglements\/EPCA_CalendrierRattrapages.pdf\" target=\"_blank\" rel=\"noreferrer noopener\">Rattrapages travaux<\/a><\/h2>\n\n\n\n<h2 class=\"wp-block-heading has-large-font-size\"><a href=\"https:\/\/epca.ch\/www\/contenu\/docs_reglements\/EPCA_JustificatifAbsences.pdf\" target=\"_blank\" rel=\"noreferrer noopener\">Justificatif absence<\/a><\/h2>\n\n\n\n<h2 class=\"wp-block-heading has-large-font-size\"><a href=\"https:\/\/epca.ch\/www\/contenu\/docs_reglements\/EPCA_Comportement.pdf\" target=\"_blank\" rel=\"noreferrer noopener\">Comportement aux cours<\/a><\/h2>\n\n\n\n<h2 class=\"wp-block-heading has-large-font-size\"><a href=\"\/www\/contenu\/InfosDeBase\/EPCA_Reglement2011.pdf\" target=\"_blank\" rel=\"noreferrer noopener\">R\u00e8glement interne<\/a><\/h2>\n\n\n\n<h2 class=\"wp-block-heading has-large-font-size\"><a href=\"\/www\/contenu\/docs_reglements\/r%C3%A8glement%20cours%20de%20sport%202025-2026.pdf\" target=\"_blank\" rel=\"noreferrer noopener\">R\u00e8glement cours de sport<\/a><\/h2>\n\n\n\n<h2 class=\"wp-block-heading has-large-font-size\"><a href=\"\/www\/contenu\/InfosDeBase\/EPCA_charte_2017.pdf\" target=\"_blank\" rel=\"noreferrer noopener\">Charte de l&rsquo;\u00e9cole<\/a><\/h2>\n\n\n\n<h2 class=\"wp-block-heading has-large-font-size\"><a href=\"\/www\/contenu\/InfosDeBase\/EPCA_CharteInformatique.pdf\" target=\"_blank\" rel=\"noreferrer noopener\">Charte informatique<\/a><\/h2>\n\n\n\n<h2 class=\"wp-block-heading has-large-font-size\"><a href=\"\/www\/contenu\/docs_reglements\/Charte%20cours%20auto-g%C3%A9r%C3%A9s.pdf\" target=\"_blank\" rel=\"noreferrer noopener\">Charte cours-autog\u00e9r\u00e9s<\/a><\/h2>\n\n\n\n<h2 class=\"wp-block-heading has-large-font-size\"><a href=\"\/www\/contenu\/docs_divers\/EPCA%20-%20Directive%20plagiat%20et%20IA.pdf\" target=\"_blank\" rel=\"noreferrer noopener\">Directive plagiat et IA<\/a><\/h2>\n\n\n\n<h2 class=\"wp-block-heading has-large-font-size\"><a href=\"\/www\/contenu\/docs_divers\/Guide%20IA%20e%CC%81le%CC%80ves%20DGEP.pdf\" target=\"_blank\" rel=\"noreferrer noopener\">Guide IA<\/a><\/h2>\n\n\n\n<h2 class=\"wp-block-heading has-large-font-size\"><a href=\"\/www\/contenu\/docs_divers\/EPCA%20-%20Guide%20anti-plagiat.pdf\" target=\"_blank\" rel=\"noreferrer noopener\">Guide anti-plagiat<\/a><\/h2>\n\n\n\n<h2 class=\"wp-block-heading has-custom-bleu-color has-text-color has-link-color wp-elements-313cf6689a2c58f61e9a768ec41daf8f\">Soutien<\/h2>\n\n\n\n<h2 class=\"wp-block-heading has-large-font-size\">Am\u00e9nagements<\/h2>\n\n\n\n<h2 class=\"wp-block-heading has-medium-font-size\"><a href=\"\/www\/contenu\/docs_amenagements\/EPCA_Form_AnnonceBesoinsMesAm.pdf\" target=\"_blank\" rel=\"noreferrer noopener\">Formulaire d&rsquo;annonce de besoins<\/a><\/h2>\n\n\n\n<h2 class=\"wp-block-heading has-medium-font-size\"><a href=\"\/www\/contenu\/docs_amenagements\/BS_attestation_aide-m%C3%A9moire.pdf\" target=\"_blank\" rel=\"noreferrer noopener\">Aide-m\u00e9moire pour demande d&rsquo;attestation<\/a><\/h2>\n\n\n\n<h2 class=\"wp-block-heading has-custom-bleu-color has-text-color has-link-color wp-elements-4c546e00b1817146603aca862a9320d3\">Mobilit\u00e9<\/h2>\n\n\n\n<h2 class=\"wp-block-heading has-large-font-size\">S\u00e9jour linguistique Berlin<\/h2>\n\n\n\n<h2 class=\"wp-block-heading has-medium-font-size\"><a href=\"\/www\/contenu\/docs_divers\/Flyer_Berlin_2025.pdf\" target=\"_blank\" rel=\"noreferrer noopener\">Flyer<\/a><\/h2>\n\n\n\n<h2 class=\"wp-block-heading has-medium-font-size\"><a href=\"\/www\/contenu\/docs_divers\/Formulaire%20inscription%20Berlin_2025.pdf\" target=\"_blank\" rel=\"noreferrer noopener\">Formulaire d&rsquo;inscription<\/a><\/h2>\n\n\n\n<h2 class=\"wp-block-heading has-large-font-size\">Apprentissage+ One<\/h2>\n\n\n\n<h2 class=\"wp-block-heading has-medium-font-size\"><a href=\"\/www\/contenu\/docs_divers\/2024-2025_Apprentissage%2BOne_Plaquette.pdf\" target=\"_blank\" rel=\"noreferrer noopener\">Flyer<\/a><\/h2>\n\n\n\n<h2 class=\"wp-block-heading has-medium-font-size\"><a href=\"\/www\/contenu\/docs_divers\/Inscription_A_ONE.pdf\" target=\"_blank\" rel=\"noreferrer noopener\">Formulaire d&rsquo;inscription<\/a><\/h2>\n\n\n\n<h2 class=\"wp-block-heading has-large-font-size\">Semestre en Suisse al\u00e9manique<\/h2>\n\n\n\n<h2 class=\"wp-block-heading has-medium-font-size\"><a href=\"\/www\/contenu\/docs_divers\/Mobilit%C3%A9_CH_2024-2025.pdf\" target=\"_blank\" rel=\"noreferrer noopener\">Flyer<\/a><\/h2>\n\n\n\n<h2 class=\"wp-block-heading has-large-font-size\">Mobilit\u00e9 apr\u00e8s la formation<\/h2>\n\n\n\n<h2 class=\"wp-block-heading has-medium-font-size\"><a href=\"\/www\/contenu\/docs_divers\/formulaire-subvention-mobilite.pdf\" target=\"_blank\" rel=\"noreferrer noopener\">Formulaire de demande de subvention<\/a><\/h2>\n\n\n\n<h2 class=\"wp-block-heading has-custom-bleu-color has-text-color has-link-color wp-elements-603fa88ea9defb6acee4f648ccf4a71b\">Services<\/h2>\n\n\n\n<h2 class=\"wp-block-heading has-large-font-size\"><a href=\"\/www\/contenu\/docs_divers\/EPCA_LocationSalle.pdf\" target=\"_blank\" rel=\"noreferrer noopener\">Location de salle<\/a><\/h2>\n\n\n\n<h2 class=\"wp-block-heading has-custom-bleu-color has-text-color has-link-color wp-elements-4d34a054196f9d955cb00d07900b621c\">Missions<\/h2>\n\n\n\n<h2 class=\"wp-block-heading has-large-font-size\"><a href=\"\/www\/contenu\/docs_filieres\/Journal_EPCA.pdf\" target=\"_blank\" rel=\"noreferrer noopener\">Journal de l&rsquo;EPCA<\/a><\/h2>\n\n\n\n<h2 class=\"wp-block-heading has-large-font-size\"><a href=\"\/www\/contenu\/InfosDeBase\/EPCA_TableauDeBord.pdf\" target=\"_blank\" rel=\"noreferrer noopener\">Tableau de bord<\/a><\/h2>\n\n\n\n<h2 class=\"wp-block-heading has-custom-bleu-color has-text-color has-link-color wp-elements-2b8fe43784626310c92cd7785c4f69db\">Actualit\u00e9<\/h2>\n\n\n\n<h2 class=\"wp-block-heading has-large-font-size\"><a href=\"https:\/\/www.vd.ch\/fileadmin\/user_upload\/themes\/culture\/Culture-Ecole\/newsletter\/CE_newsletter_40_postobligatoire.pdf\" target=\"_blank\" rel=\"noreferrer noopener\">Passculture<\/a><\/h2>\n<\/div>\n\n\n\n<div class=\"wp-block-column has-global-padding is-layout-constrained wp-block-column-is-layout-constrained\">\n<figure class=\"wp-block-image aligncenter size-full has-custom-border image-pleine-hauteur\"><img loading=\"lazy\" decoding=\"async\" width=\"1030\" height=\"687\" src=\"https:\/\/www.epca.ch\/www\/wp-content\/uploads\/2025\/05\/How-Document-Control-Enhances-Document-Management-Strategy-B2BE-Blog-1030x687-1.webp\" alt=\"\" class=\"wp-image-2014\" style=\"border-top-right-radius:40px\" srcset=\"https:\/\/www.epca.ch\/www\/wp-content\/uploads\/2025\/05\/How-Document-Control-Enhances-Document-Management-Strategy-B2BE-Blog-1030x687-1.webp 1030w, https:\/\/www.epca.ch\/www\/wp-content\/uploads\/2025\/05\/How-Document-Control-Enhances-Document-Management-Strategy-B2BE-Blog-1030x687-1-300x200.webp 300w, https:\/\/www.epca.ch\/www\/wp-content\/uploads\/2025\/05\/How-Document-Control-Enhances-Document-Management-Strategy-B2BE-Blog-1030x687-1-1024x683.webp 1024w, https:\/\/www.epca.ch\/www\/wp-content\/uploads\/2025\/05\/How-Document-Control-Enhances-Document-Management-Strategy-B2BE-Blog-1030x687-1-768x512.webp 768w\" sizes=\"auto, (max-width: 1030px) 100vw, 1030px\" \/><\/figure>\n<\/div>\n<\/div>\n","protected":false},"excerpt":{"rendered":"<p>Vous cherchez un document ? La page \u00ab\u00a0Documents \u00e0 t\u00e9l\u00e9charger\u00a0\u00bb regroupe en un seul endroit tous les fichiers utiles li\u00e9s \u00e0 la vie scolaire \u00e0 l&rsquo;EPCA. Que ce soit les r\u00e8glements, les horaires ou les formulaires, tout est centralis\u00e9 pour un acc\u00e8s rapide et pratique. Cette page facilite la recherche de documents officiels et garantit [&hellip;]<\/p>\n","protected":false},"author":3,"featured_media":0,"parent":0,"menu_order":0,"comment_status":"closed","ping_status":"closed","template":"","meta":{"footnotes":""},"class_list":["post-2062","page","type-page","status-publish","hentry"],"_links":{"self":[{"href":"https:\/\/www.epca.ch\/www\/wp-json\/wp\/v2\/pages\/2062","targetHints":{"allow":["GET"]}}],"collection":[{"href":"https:\/\/www.epca.ch\/www\/wp-json\/wp\/v2\/pages"}],"about":[{"href":"https:\/\/www.epca.ch\/www\/wp-json\/wp\/v2\/types\/page"}],"author":[{"embeddable":true,"href":"https:\/\/www.epca.ch\/www\/wp-json\/wp\/v2\/users\/3"}],"replies":[{"embeddable":true,"href":"https:\/\/www.epca.ch\/www\/wp-json\/wp\/v2\/comments?post=2062"}],"version-history":[{"count":42,"href":"https:\/\/www.epca.ch\/www\/wp-json\/wp\/v2\/pages\/2062\/revisions"}],"predecessor-version":[{"id":3023,"href":"https:\/\/www.epca.ch\/www\/wp-json\/wp\/v2\/pages\/2062\/revisions\/3023"}],"wp:attachment":[{"href":"https:\/\/www.epca.ch\/www\/wp-json\/wp\/v2\/media?parent=2062"}],"curies":[{"name":"wp","href":"https:\/\/api.w.org\/{rel}","templated":true}]}}