{"id":2073,"date":"2025-05-26T09:40:08","date_gmt":"2025-05-26T07:40:08","guid":{"rendered":"https:\/\/www.epca.ch\/www\/?page_id=2073"},"modified":"2025-11-20T16:39:13","modified_gmt":"2025-11-20T15:39:13","slug":"gestionnaire-du-commerce-de-detail","status":"publish","type":"page","link":"https:\/\/www.epca.ch\/www\/gestionnaire-du-commerce-de-detail\/","title":{"rendered":"Gestionnaire du commerce de d\u00e9tail"},"content":{"rendered":"\n<div class=\"wp-block-columns is-layout-flex wp-container-core-columns-is-layout-9409fc81 wp-block-columns-is-layout-flex\" style=\"margin-top:0px;margin-bottom:0px;padding-top:0;padding-right:var(--wp--preset--spacing--30);padding-bottom:0;padding-left:var(--wp--preset--spacing--30)\">\n<div class=\"wp-block-column has-global-padding is-layout-constrained wp-block-column-is-layout-constrained\">\n<figure class=\"wp-block-image alignfull size-full has-custom-border image-pleine-hauteur\"><img loading=\"lazy\" decoding=\"async\" width=\"2560\" height=\"1707\" src=\"https:\/\/www.epca.ch\/www\/wp-content\/uploads\/2025\/06\/les-decorateurs-au-travail-scaled.jpg\" alt=\"\" class=\"wp-image-2546\" style=\"border-top-right-radius:40px\" srcset=\"https:\/\/www.epca.ch\/www\/wp-content\/uploads\/2025\/06\/les-decorateurs-au-travail-scaled.jpg 2560w, https:\/\/www.epca.ch\/www\/wp-content\/uploads\/2025\/06\/les-decorateurs-au-travail-300x200.jpg 300w, https:\/\/www.epca.ch\/www\/wp-content\/uploads\/2025\/06\/les-decorateurs-au-travail-1024x683.jpg 1024w, https:\/\/www.epca.ch\/www\/wp-content\/uploads\/2025\/06\/les-decorateurs-au-travail-768x512.jpg 768w, https:\/\/www.epca.ch\/www\/wp-content\/uploads\/2025\/06\/les-decorateurs-au-travail-1536x1024.jpg 1536w, https:\/\/www.epca.ch\/www\/wp-content\/uploads\/2025\/06\/les-decorateurs-au-travail-2048x1365.jpg 2048w\" sizes=\"auto, (max-width: 2560px) 100vw, 2560px\" \/><\/figure>\n<\/div>\n\n\n\n<div class=\"wp-block-column has-background is-layout-flow wp-block-column-is-layout-flow\" style=\"border-style:none;border-width:0px;border-top-right-radius:35px;background-color:#f2f2f2;padding-top:var(--wp--preset--spacing--40);padding-right:var(--wp--preset--spacing--40);padding-bottom:var(--wp--preset--spacing--40);padding-left:var(--wp--preset--spacing--40)\">\n<h2 class=\"wp-block-heading\"><span class=\"bleu-epca\">Gestionnnaire <\/span>\/<span class=\"bleu-epca\">Assistant\u00b7<\/span><span class=\"bleu-epca\">e<\/span> du commerce de d\u00e9tail <\/h2>\n\n\n\n<p>Les gestionnaires et assistants du commerce de d\u00e9tail conseillent, servent et mettent \u00e0 disposition d&rsquo;une client\u00e8le des produits du commerce de d\u00e9tail de toutes sortes. La formation d&rsquo;apprenti gestionnaire du commerce de d\u00e9tail dure trois ans, pour l&rsquo;obtention d&rsquo;un certificat f\u00e9d\u00e9ral de capacit\u00e9, celle d&rsquo;assistant du commerce de d\u00e9tail dure deux ans pour l&rsquo;obtention d&rsquo;une attestation f\u00e9d\u00e9rale professionnelle. Domaines de formation : alimentation, articles de sport, v\u00eatements, bijouterie, \u00e9lectronique de divertissement, etc.<\/p>\n<\/div>\n<\/div>\n\n\n\n<div class=\"wp-block-columns is-layout-flex wp-container-core-columns-is-layout-1a2ddb66 wp-block-columns-is-layout-flex\" style=\"padding-right:var(--wp--preset--spacing--30);padding-left:var(--wp--preset--spacing--30)\">\n<div class=\"wp-block-column is-vertically-aligned-stretch has-background is-layout-flow wp-block-column-is-layout-flow\" style=\"border-top-right-radius:33px;background-color:#f2f2f2;padding-right:0;padding-left:0\">\n<div class=\"wp-block-group has-global-padding is-layout-constrained wp-container-core-group-is-layout-7db9d80f wp-block-group-is-layout-constrained\" style=\"padding-right:0;padding-left:0\">\n<div class=\"wp-block-group block-gris has-global-padding is-layout-constrained wp-container-core-group-is-layout-0c2fbd0a wp-block-group-is-layout-constrained\" style=\"border-top-right-radius:33px;margin-top:0;margin-bottom:0;padding-top:var(--wp--preset--spacing--30);padding-right:var(--wp--preset--spacing--30);padding-bottom:var(--wp--preset--spacing--30);padding-left:var(--wp--preset--spacing--30)\">\n<div class=\"wp-block-group is-nowrap is-layout-flex wp-container-core-group-is-layout-6c531013 wp-block-group-is-layout-flex\">\n<h2 class=\"wp-block-heading\">Gestionnaire du commerce de d\u00e9tail <span class=\"bleu-epca\">CFC<\/span><\/h2>\n\n\n\n<figure class=\"wp-block-image size-full is-resized fleche\"><img loading=\"lazy\" decoding=\"async\" width=\"30\" height=\"30\" src=\"https:\/\/www.epca.ch\/www\/wp-content\/uploads\/2025\/05\/fleche.png\" alt=\"\" class=\"wp-image-1948\" style=\"width:30px;height:auto\"\/><\/figure>\n<\/div>\n\n\n\n<div class=\"wp-block-group has-global-padding is-layout-constrained wp-block-group-is-layout-constrained\">\n<div class=\"wp-block-buttons alignwide bouton-espace is-vertical is-layout-flex wp-container-core-buttons-is-layout-fe9cc265 wp-block-buttons-is-layout-flex\">\n<div class=\"wp-block-button has-custom-width wp-block-button__width-100 is-style-fill\"><a class=\"wp-block-button__link has-large-font-size has-custom-font-size wp-element-button\" href=\"https:\/\/www.epca.ch\/www\/contenu\/docs_filieres\/EPCA_FicheInfo_Vente_2022_CFC.pdf\" target=\"_blank\" rel=\"noreferrer noopener\">Fiche d&rsquo;information<\/a><\/div>\n<\/div>\n\n\n\n<div class=\"wp-block-buttons alignwide bouton-espace is-vertical is-layout-flex wp-container-core-buttons-is-layout-fe9cc265 wp-block-buttons-is-layout-flex\">\n<div class=\"wp-block-button has-custom-width wp-block-button__width-100 is-style-fill\"><a class=\"wp-block-button__link has-large-font-size has-custom-font-size wp-element-button\" href=\"\/www\/contenu\/docs_filieres\/CFC_1%C3%A8re_Vente2022_Programme.pdf\" target=\"_blank\" rel=\"noreferrer noopener\">Programme 1\u00e8re ann\u00e9e<\/a><\/div>\n<\/div>\n\n\n\n<div class=\"wp-block-buttons alignwide bouton-espace is-vertical is-layout-flex wp-container-core-buttons-is-layout-fe9cc265 wp-block-buttons-is-layout-flex\">\n<div class=\"wp-block-button has-custom-width wp-block-button__width-100 is-style-fill\"><a class=\"wp-block-button__link has-large-font-size has-custom-font-size wp-element-button\" href=\"\/www\/contenu\/docs_filieres\/CFC_2%C3%A8me_Vente2022_Programme.pdf\" target=\"_blank\" rel=\"noreferrer noopener\">Programme 2\u00e8me ann\u00e9e<\/a><\/div>\n<\/div>\n\n\n\n<div class=\"wp-block-buttons alignwide bouton-espace is-vertical is-layout-flex wp-container-core-buttons-is-layout-fe9cc265 wp-block-buttons-is-layout-flex\">\n<div class=\"wp-block-button has-custom-width wp-block-button__width-100 is-style-fill\"><a class=\"wp-block-button__link has-large-font-size has-custom-font-size wp-element-button\" href=\"\/www\/contenu\/docs_filieres\/CFC_3%C3%A8me_Vente2022_Programme.pdf\" target=\"_blank\" rel=\"noreferrer noopener\">Programme 3\u00e8me ann\u00e9e<\/a><\/div>\n<\/div>\n<\/div>\n<\/div>\n<\/div>\n<\/div>\n\n\n\n<div class=\"wp-block-column is-vertically-aligned-stretch has-background is-layout-flow wp-block-column-is-layout-flow\" style=\"border-top-right-radius:33px;background-color:#f2f2f2;padding-right:0;padding-left:0\">\n<div class=\"wp-block-group has-global-padding is-layout-constrained wp-container-core-group-is-layout-7db9d80f wp-block-group-is-layout-constrained\" style=\"padding-right:0;padding-left:0\">\n<div class=\"wp-block-group block-gris has-global-padding is-layout-constrained wp-container-core-group-is-layout-0c2fbd0a wp-block-group-is-layout-constrained\" style=\"border-top-right-radius:33px;margin-top:0;margin-bottom:0;padding-top:var(--wp--preset--spacing--30);padding-right:var(--wp--preset--spacing--30);padding-bottom:var(--wp--preset--spacing--30);padding-left:var(--wp--preset--spacing--30)\">\n<div class=\"wp-block-group is-nowrap is-layout-flex wp-container-core-group-is-layout-6c531013 wp-block-group-is-layout-flex\">\n<h2 class=\"wp-block-heading\">Assistant\u00b7e du commerce de d\u00e9tail <span class=\"bleu-epca\">AFP<\/span><\/h2>\n\n\n\n<figure class=\"wp-block-image size-full is-resized fleche\"><img loading=\"lazy\" decoding=\"async\" width=\"30\" height=\"30\" src=\"https:\/\/www.epca.ch\/www\/wp-content\/uploads\/2025\/05\/fleche.png\" alt=\"\" class=\"wp-image-1948\" style=\"width:30px;height:auto\"\/><\/figure>\n<\/div>\n\n\n\n<div class=\"wp-block-group has-global-padding is-layout-constrained wp-block-group-is-layout-constrained\">\n<div class=\"wp-block-buttons alignwide bouton-espace is-vertical is-layout-flex wp-container-core-buttons-is-layout-fe9cc265 wp-block-buttons-is-layout-flex\">\n<div class=\"wp-block-button has-custom-width wp-block-button__width-100 is-style-fill\"><a class=\"wp-block-button__link has-large-font-size has-custom-font-size wp-element-button\" href=\"https:\/\/www.epca.ch\/www\/contenu\/docs_filieres\/EPCA_FicheInfo_Vente_2022_AFP.pdf\" target=\"_blank\" rel=\"noreferrer noopener\">Fiche d&rsquo;information<\/a><\/div>\n<\/div>\n\n\n\n<div class=\"wp-block-buttons alignwide bouton-espace is-vertical is-layout-flex wp-container-core-buttons-is-layout-fe9cc265 wp-block-buttons-is-layout-flex\">\n<div class=\"wp-block-button has-custom-width wp-block-button__width-100 is-style-fill\"><a class=\"wp-block-button__link has-large-font-size has-custom-font-size wp-element-button\" href=\"\/www\/contenu\/docs_filieres\/AFP_1ere_Vente2022_Programme.pdf\" target=\"_blank\" rel=\"noreferrer noopener\">Programme 1\u00e8re ann\u00e9e<\/a><\/div>\n<\/div>\n\n\n\n<div class=\"wp-block-buttons alignwide bouton-espace is-vertical is-layout-flex wp-container-core-buttons-is-layout-fe9cc265 wp-block-buttons-is-layout-flex\">\n<div class=\"wp-block-button has-custom-width wp-block-button__width-100 is-style-fill\"><a class=\"wp-block-button__link has-large-font-size has-custom-font-size wp-element-button\" href=\"\/www\/contenu\/docs_filieres\/AFP_2eme_Vente2022_Programme.pdf\" target=\"_blank\" rel=\"noreferrer noopener\">Programme 2\u00e8me ann\u00e9e<\/a><\/div>\n<\/div>\n<\/div>\n<\/div>\n<\/div>\n<\/div>\n<\/div>\n\n\n\n<div class=\"wp-block-columns is-layout-flex wp-container-core-columns-is-layout-28f84493 wp-block-columns-is-layout-flex\">\n<div class=\"wp-block-column is-layout-flow wp-block-column-is-layout-flow\">\n<div class=\"wp-block-group has-global-padding is-layout-constrained wp-container-core-group-is-layout-7db9d80f wp-block-group-is-layout-constrained\" style=\"padding-right:0;padding-left:0\">\n<div class=\"wp-block-group block-gris has-base-background-color has-background has-global-padding is-layout-constrained wp-container-core-group-is-layout-0c2fbd0a wp-block-group-is-layout-constrained\" style=\"border-top-right-radius:33px;margin-top:0;margin-bottom:0;padding-top:var(--wp--preset--spacing--30);padding-right:var(--wp--preset--spacing--30);padding-bottom:var(--wp--preset--spacing--30);padding-left:var(--wp--preset--spacing--30)\">\n<div class=\"wp-block-group is-content-justification-center is-nowrap is-layout-flex wp-container-core-group-is-layout-23441af8 wp-block-group-is-layout-flex\">\n<h2 class=\"wp-block-heading has-text-align-center\">Saisir vos notes et calculer vos <span class=\"bleu-epca\">moyennes<\/span><\/h2>\n\n\n\n<figure class=\"wp-block-image size-full is-resized fleche\"><img loading=\"lazy\" decoding=\"async\" width=\"30\" height=\"30\" src=\"https:\/\/www.epca.ch\/www\/wp-content\/uploads\/2025\/05\/fleche.png\" alt=\"\" class=\"wp-image-1948\" style=\"width:30px;height:auto\"\/><\/figure>\n\n\n\n<p class=\"has-text-align-center\"><\/p>\n<\/div>\n\n\n\n<div class=\"wp-block-group has-global-padding is-layout-constrained wp-block-group-is-layout-constrained\">\n<div class=\"wp-block-buttons alignwide bouton-espace is-vertical is-layout-flex wp-container-core-buttons-is-layout-fe9cc265 wp-block-buttons-is-layout-flex\">\n<div class=\"wp-block-button has-custom-width wp-block-button__width-100 is-style-fill\"><a class=\"wp-block-button__link has-large-font-size has-custom-font-size wp-element-button\" href=\"https:\/\/epca.ch\/www\/contenu\/docs_excel_calcul_moyennes\/EPCA_CalculMoyennes_CV_ASALA.xlsx\" target=\"_blank\" rel=\"noreferrer noopener\">Gestionnaires du commerce de d\u00e9tail : branches Landi, After Sales et Alimentation<\/a><\/div>\n<\/div>\n\n\n\n<div class=\"wp-block-buttons alignwide bouton-espace is-vertical is-layout-flex wp-container-core-buttons-is-layout-fe9cc265 wp-block-buttons-is-layout-flex\">\n<div class=\"wp-block-button has-custom-width wp-block-button__width-100 is-style-fill\"><a class=\"wp-block-button__link has-large-font-size has-custom-font-size wp-element-button\" href=\"https:\/\/epca.ch\/www\/contenu\/docs_excel_calcul_moyennes\/EPCA_CalculMoyennes_CV.xlsx\" target=\"_blank\" rel=\"noreferrer noopener\">Gestionnaires du commerce de d\u00e9tail : autres branches<\/a><\/div>\n<\/div>\n\n\n\n<div class=\"wp-block-buttons alignwide bouton-espace is-vertical is-layout-flex wp-container-core-buttons-is-layout-fe9cc265 wp-block-buttons-is-layout-flex\">\n<div class=\"wp-block-button has-custom-width wp-block-button__width-100 is-style-fill\"><a class=\"wp-block-button__link has-large-font-size has-custom-font-size wp-element-button\" href=\"https:\/\/epca.ch\/www\/contenu\/docs_excel_calcul_moyennes\/EPCA_CalculMoyennes_AV_ASALA.xlsx\" target=\"_blank\" rel=\"noreferrer noopener\">Assistant\u00b7e\u00b7s du commerce de d\u00e9tail : branches Landi, After Sales et Alimentation<\/a><\/div>\n<\/div>\n\n\n\n<div class=\"wp-block-buttons alignwide bouton-espace is-vertical is-layout-flex wp-container-core-buttons-is-layout-fe9cc265 wp-block-buttons-is-layout-flex\">\n<div class=\"wp-block-button has-custom-width wp-block-button__width-100 is-style-fill\"><a class=\"wp-block-button__link has-large-font-size has-custom-font-size wp-element-button\" href=\"https:\/\/epca.ch\/www\/contenu\/docs_excel_calcul_moyennes\/EPCA_CalculMoyennes_AV.xlsx\" target=\"_blank\" rel=\"noreferrer noopener\">Assistant\u00b7e\u00b7s du commerce de d\u00e9tail : autres branches<\/a><\/div>\n<\/div>\n<\/div>\n<\/div>\n<\/div>\n<\/div>\n<\/div>\n\n\n\n<div class=\"wp-block-columns is-layout-flex wp-container-core-columns-is-layout-28f84493 wp-block-columns-is-layout-flex\">\n<div class=\"wp-block-column is-layout-flow wp-block-column-is-layout-flow\">\n<div class=\"wp-block-group has-global-padding is-layout-constrained wp-container-core-group-is-layout-7db9d80f wp-block-group-is-layout-constrained\" style=\"padding-right:0;padding-left:0\">\n<div class=\"wp-block-group block-gris has-base-background-color has-background has-global-padding is-layout-constrained wp-container-core-group-is-layout-0c2fbd0a wp-block-group-is-layout-constrained\" style=\"border-top-right-radius:33px;margin-top:0;margin-bottom:0;padding-top:var(--wp--preset--spacing--30);padding-right:var(--wp--preset--spacing--30);padding-bottom:var(--wp--preset--spacing--30);padding-left:var(--wp--preset--spacing--30)\">\n<div class=\"wp-block-group is-content-justification-center is-nowrap is-layout-flex wp-container-core-group-is-layout-23441af8 wp-block-group-is-layout-flex\">\n<h2 class=\"wp-block-heading has-text-align-center\">Cours <span class=\"bleu-epca\">autog\u00e9r\u00e9s<\/span><\/h2>\n\n\n\n<figure class=\"wp-block-image size-full is-resized fleche\"><img loading=\"lazy\" decoding=\"async\" width=\"30\" height=\"30\" src=\"https:\/\/www.epca.ch\/www\/wp-content\/uploads\/2025\/05\/fleche.png\" alt=\"\" class=\"wp-image-1948\" style=\"width:30px;height:auto\"\/><\/figure>\n\n\n\n<p class=\"has-text-align-center\"><\/p>\n<\/div>\n\n\n\n<p>Depuis le rentr\u00e9e 2024, des cours en autogestion sont organis\u00e9s pour les apprenti\u00b7e\u00b7s gestionnaires du commerce de d\u00e9tail (1<sup>e<\/sup> ann\u00e9e de formation uniquement). Durant ces cours, les apprenti\u00b7e\u00b7s travaillent (r\u00e9alisation de mandats, r\u00e9daction d\u2019un journal de bord, pr\u00e9sentation des travaux) sous la supervision de leurs enseignant\u00b7e\u00b7s (inputs, surveillance, coaching) dans un contexte plus ouvert que celui d\u2019une salle de classe. Les finalit\u00e9s de la formation et le cadre r\u00e8glementaire de l\u2019\u00e9cole restent valables et ce dernier est strictement appliqu\u00e9 durant ces journ\u00e9es o\u00f9 les \u00e9l\u00e8ves ont, en fonction des t\u00e2ches \u00e0 effectuer et des directives de leurs enseignant\u00b7e\u00b7s, une certaine libert\u00e9 de d\u00e9terminer dans quel ordre et avec qui le travail est r\u00e9alis\u00e9.<\/p>\n\n\n\n<p>Les cours autog\u00e9r\u00e9s reposent sur 7 principes :<\/p>\n\n\n\n<ol class=\"wp-block-list\">\n<li>Soyez curieux\u00b7ses ;<\/li>\n\n\n\n<li>Fixez-vous des objectifs ;<\/li>\n\n\n\n<li>\u00c9valuez vos ressources ;<\/li>\n\n\n\n<li>Engagez-vous dans un processus ;<\/li>\n\n\n\n<li>Appliquez ce que vous apprenez ;<\/li>\n\n\n\n<li>Collaborez avec d&rsquo;autres ;<\/li>\n\n\n\n<li>Partagez vos connaissances.<\/li>\n<\/ol>\n\n\n\n<div class=\"wp-block-buttons is-content-justification-center is-layout-flex wp-container-core-buttons-is-layout-a89b3969 wp-block-buttons-is-layout-flex\">\n<div class=\"wp-block-button\"><a class=\"wp-block-button__link wp-element-button\" href=\"\/www\/contenu\/docs_reglements\/Charte%20cours%20auto-g%C3%A9r%C3%A9s.pdf\" target=\"_blank\" rel=\"noreferrer noopener\">Charte cours autog\u00e9r\u00e9s<\/a><\/div>\n<\/div>\n<\/div>\n<\/div>\n<\/div>\n<\/div>\n\n\n\n<div class=\"wp-block-columns has-nv-dark-bg-color has-base-background-color has-text-color has-background is-layout-flex wp-container-core-columns-is-layout-28f84493 wp-block-columns-is-layout-flex\">\n<div class=\"wp-block-column is-vertically-aligned-top is-layout-flow wp-block-column-is-layout-flow\" style=\"flex-basis:50%\">\n<h3 class=\"wp-block-heading has-text-align-center has-contrast-color has-text-color\"><strong>Les <span class=\"bleu-epca\">changements<\/span><\/strong><\/h3>\n\n\n\n<p>La nouvelle ordonnance de formation instaure un enseignement orient\u00e9 vers les comp\u00e9tences op\u00e9rationnelles. La proc\u00e9dure de qualification change \u00e9galement. Toutes les informations sont disponibles dans les fiches ci-jointes.<\/p>\n\n\n\n<p>Tous les \u00e9l\u00e8ves entrant en formation AFP ou CFC doivent acqu\u00e9rir les m\u00e9dias d&rsquo;apprentissage Konvink, comprenant :<\/p>\n\n\n\n<ul class=\"wp-block-list\">\n<li>Savoir-faire de base<\/li>\n\n\n\n<li>El\u00e9ments op\u00e9rationnels<\/li>\n\n\n\n<li>Portfolio (sauf si celui-ci est fourni par l&rsquo;entreprise, par ex. Time2Learn)<\/li>\n<\/ul>\n\n\n\n<div class=\"wp-block-group is-nowrap is-layout-flex wp-container-core-group-is-layout-b1ad4258 wp-block-group-is-layout-flex\" style=\"padding-top:0;padding-bottom:var(--wp--preset--spacing--40)\">\n<p class=\"has-custom-bleu-color has-text-color has-link-color wp-elements-a2b20dbb798baa02ac3d0b2486ea802c\">en savoir plus : <a href=\"https:\/\/www.bds-fcs.ch\/fr\/Medias-digitaux\/Medias-dapprentissage\" target=\"_blank\" rel=\"noreferrer noopener\"><strong>Instructions pour l&rsquo;achat des m\u00e9dias d&rsquo;apprentissage<\/strong><\/a><\/p>\n\n\n\n<figure class=\"wp-block-image size-full is-resized\"><img loading=\"lazy\" decoding=\"async\" width=\"30\" height=\"29\" src=\"https:\/\/www.epca.ch\/www\/wp-content\/uploads\/2025\/05\/FlecheLien.webp\" alt=\"\" class=\"wp-image-2093\" style=\"width:20px\"\/><\/figure>\n<\/div>\n\n\n\n<div style=\"height:10px\" aria-hidden=\"true\" class=\"wp-block-spacer\"><\/div>\n\n\n\n<div style=\"height:10px\" aria-hidden=\"true\" class=\"wp-block-spacer\"><\/div>\n<\/div>\n\n\n\n<div class=\"wp-block-column has-nv-dark-bg-color has-text-color is-layout-flow wp-block-column-is-layout-flow\" style=\"flex-basis:50%\">\n<h3 class=\"wp-block-heading has-text-align-center has-contrast-color has-text-color\"><strong>Ordinateur <span class=\"bleu-epca\">portables<\/span> &amp; comp\u00e9tences num\u00e9riques<\/strong><\/h3>\n\n\n\n<p class=\"has-contrast-color has-text-color\">Chaque apprenti.e doit venir aux cours professionnels muni.e d&rsquo;un ordinateur portable dimensionn\u00e9 pour une utilisation orient\u00e9e bureautique (traitement de texte, tableur, recherches en ligne, etc.). Ce dernier doit respecter les sp\u00e9cifications suivantes : <\/p>\n\n\n\n<ul class=\"wp-block-list\">\n<li>Syst\u00e8me d&rsquo;exploitation : <strong>Windows 10 ou 11<\/strong><\/li>\n\n\n\n<li>Autonomie de la batterie : <strong>minimum 8 heures<\/strong><\/li>\n\n\n\n<li><strong>Port USB-C<\/strong> <strong>+ Port USB-A<\/strong><\/li>\n\n\n\n<li><strong>8 Go RAM<\/strong><\/li>\n<\/ul>\n\n\n\n<p class=\"has-contrast-color has-text-color\">L&rsquo;\u00e9cole fournit une licence Office 365 (Suite bureautique + Teams), une adresse de messagerie @eduvaud.ch et la connexion WIFI.<\/p>\n\n\n\n<div class=\"wp-block-buttons is-content-justification-center is-layout-flex wp-container-core-buttons-is-layout-a89b3969 wp-block-buttons-is-layout-flex\">\n<div class=\"wp-block-button\"><a class=\"wp-block-button__link wp-element-button\" href=\"https:\/\/www.epca.ch\/www\/contenu\/docs_divers\/EPCA_Competences_Specifications_Num%C3%A9riques_v20230522.pdf\" target=\"_blank\" rel=\"noreferrer noopener\">Sp\u00e9cifications du mat\u00e9riel &amp; comp\u00e9tences num\u00e9riques<\/a><\/div>\n<\/div>\n<\/div>\n<\/div>\n\n\n\n<h2 class=\"wp-block-heading has-text-align-center is-style-default has-contrast-color has-text-color\">Commissaires professionnel\u00b7le\u00b7s<\/h2>\n\n\n\n<p class=\"has-text-align-left\"><br>La r\u00e9partition des communes se trouve sur le site www.cfpvd.ch<br><\/p>\n\n\n\n<div class=\"wp-block-columns is-layout-flex wp-container-core-columns-is-layout-28f84493 wp-block-columns-is-layout-flex\">\n<div class=\"wp-block-column is-layout-flow wp-block-column-is-layout-flow\">\n<p class=\"has-text-align-center\"><strong>M\u00e9linda Demierre<\/strong><br><a href=\"mailto:mdemierre@cfpvd.ch\" target=\"_blank\" rel=\"noreferrer noopener\">mdemierre@cfpvd.ch<\/a><br>076 785 88 05<\/p>\n<\/div>\n\n\n\n<div class=\"wp-block-column is-layout-flow wp-block-column-is-layout-flow\">\n<p class=\"has-text-align-center\"><strong>Claude-Alexandre Jaillet<\/strong><br><a href=\"mailto:claude.jaillet@vd.ch\" target=\"_blank\" rel=\"noreferrer noopener\">claude.jaillet@vd.ch<\/a><br>079 941 07 19<\/p>\n<\/div>\n\n\n\n<div class=\"wp-block-column is-layout-flow wp-block-column-is-layout-flow\">\n<p class=\"has-text-align-center\"><strong>Evelyne Pippia<\/strong><br><a href=\"mailto:epippia@cfpvd.ch\" target=\"_blank\" rel=\"noreferrer noopener\">epippia@cfpvd.ch<\/a><br>079 433 19 04<\/p>\n<\/div>\n\n\n\n<div class=\"wp-block-column is-layout-flow wp-block-column-is-layout-flow\">\n<p class=\"has-text-align-center\"><strong>Lucie Xavier<\/strong><br><a href=\"mailto:lucie.xavier@vd.ch\" target=\"_blank\" rel=\"noreferrer noopener\">lucie.xavier@vd.ch<\/a><br>079 941 07 22<\/p>\n<\/div>\n<\/div>\n","protected":false},"excerpt":{"rendered":"<p>Gestionnnaire \/Assistant\u00b7e du commerce de d\u00e9tail Les gestionnaires et assistants du commerce de d\u00e9tail conseillent, servent et mettent \u00e0 disposition d&rsquo;une client\u00e8le des produits du commerce de d\u00e9tail de toutes sortes. La formation d&rsquo;apprenti gestionnaire du commerce de d\u00e9tail dure trois ans, pour l&rsquo;obtention d&rsquo;un certificat f\u00e9d\u00e9ral de capacit\u00e9, celle d&rsquo;assistant du commerce de d\u00e9tail [&hellip;]<\/p>\n","protected":false},"author":3,"featured_media":0,"parent":0,"menu_order":0,"comment_status":"closed","ping_status":"closed","template":"","meta":{"footnotes":""},"class_list":["post-2073","page","type-page","status-publish","hentry"],"_links":{"self":[{"href":"https:\/\/www.epca.ch\/www\/wp-json\/wp\/v2\/pages\/2073","targetHints":{"allow":["GET"]}}],"collection":[{"href":"https:\/\/www.epca.ch\/www\/wp-json\/wp\/v2\/pages"}],"about":[{"href":"https:\/\/www.epca.ch\/www\/wp-json\/wp\/v2\/types\/page"}],"author":[{"embeddable":true,"href":"https:\/\/www.epca.ch\/www\/wp-json\/wp\/v2\/users\/3"}],"replies":[{"embeddable":true,"href":"https:\/\/www.epca.ch\/www\/wp-json\/wp\/v2\/comments?post=2073"}],"version-history":[{"count":27,"href":"https:\/\/www.epca.ch\/www\/wp-json\/wp\/v2\/pages\/2073\/revisions"}],"predecessor-version":[{"id":3038,"href":"https:\/\/www.epca.ch\/www\/wp-json\/wp\/v2\/pages\/2073\/revisions\/3038"}],"wp:attachment":[{"href":"https:\/\/www.epca.ch\/www\/wp-json\/wp\/v2\/media?parent=2073"}],"curies":[{"name":"wp","href":"https:\/\/api.w.org\/{rel}","templated":true}]}}