{"id":2308,"date":"2025-06-16T09:36:32","date_gmt":"2025-06-16T07:36:32","guid":{"rendered":"https:\/\/www.epca.ch\/www\/?page_id=2308"},"modified":"2026-04-22T16:37:43","modified_gmt":"2026-04-22T14:37:43","slug":"soutiens-aux-eleves-2","status":"publish","type":"page","link":"https:\/\/www.epca.ch\/www\/soutiens-aux-eleves-2\/","title":{"rendered":"Soutien aux \u00e9l\u00e8ves"},"content":{"rendered":"\n<div class=\"wp-block-columns is-layout-flex wp-container-core-columns-is-layout-9409fc81 wp-block-columns-is-layout-flex\" style=\"margin-top:0px;margin-bottom:0px;padding-top:0;padding-right:var(--wp--preset--spacing--30);padding-bottom:0;padding-left:var(--wp--preset--spacing--30)\">\n<div class=\"wp-block-column has-base-2-background-color has-background is-layout-flow wp-block-column-is-layout-flow\" style=\"border-style:none;border-width:0px;border-top-right-radius:35px;padding-top:var(--wp--preset--spacing--40);padding-right:0;padding-bottom:var(--wp--preset--spacing--40);padding-left:0\">\n<div class=\"wp-block-group has-global-padding is-layout-constrained wp-container-core-group-is-layout-9e5b70ce wp-block-group-is-layout-constrained\" style=\"padding-right:var(--wp--preset--spacing--40)\">\n<div class=\"wp-block-group is-nowrap is-layout-flex wp-container-core-group-is-layout-6c531013 wp-block-group-is-layout-flex\">\n<h2 class=\"wp-block-heading\"><span class=\"bleu-epca\">Soutien<\/span> aux \u00e9l\u00e8ves durant la formation<\/h2>\n<\/div>\n\n\n\n<p>L\u2019EPCA met en place divers dispositifs d\u2019accompagnement pour aider ses \u00e9l\u00e8ves \u00e0 r\u00e9ussir leur parcours. Gr\u00e2ce au Groupe Ressources, chaque \u00e9l\u00e8ve b\u00e9n\u00e9ficie du soutien n\u00e9cessaire pour surmonter ses d\u00e9fis et s\u2019\u00e9panouir dans sa formation.<\/p>\n\n\n\n<div class=\"wp-block-group is-nowrap is-layout-flex wp-container-core-group-is-layout-6c531013 wp-block-group-is-layout-flex\">\n<h2 class=\"wp-block-heading\"><span class=\"bleu-epca\">Harc\u00e8lement<\/span> &amp; intimidation<\/h2>\n<\/div>\n\n\n\n<p>Notre \u00e9tablissement s\u2019engage depuis toujours dans la promotion d\u2019un climat scolaire de qualit\u00e9, propice aux apprentissages, qui se concr\u00e9tise par diverses actions telles que l\u2019\u00e9cologie environnementale, la lutte contre le cyberharc\u00e8lement et la promotion de la sant\u00e9 mentale.<\/p>\n\n\n\n<p>Afin de r\u00e9pondre efficacement aux ph\u00e9nom\u00e8nes de groupe dans lesquels un\u00b7e&nbsp;\u00e9l\u00e8ve est intimid\u00e9\u00b7e ou tourment\u00e9\u00b7e de mani\u00e8re r\u00e9p\u00e9t\u00e9e, l\u2019\u00e9cole est dot\u00e9e d\u2019une \u00e9quipe de professionnel\u00b7le\u00b7s form\u00e9e \u00e0 la&nbsp;<em>M\u00e9thode de la Pr\u00e9occupation Partag\u00e9e<\/em>&nbsp;<em>(MPP).<\/em>Cette m\u00e9thode vise \u00e0 mettre fin aux probl\u00e9matiques en d\u00e9construisant le ph\u00e9nom\u00e8ne de groupe.&nbsp;<\/p>\n\n\n\n<p>Cela se concr\u00e9tise par des entretiens individuels avec plusieurs \u00e9l\u00e8ves proches de la situation, dans une d\u00e9marche bienveillante et positive de recherche de suggestions.&nbsp;Les entretiens n\u2019ont&nbsp;aucune cons\u00e9quence sur le cursus des \u00e9l\u00e8ves. Cependant, et en cas de n\u00e9cessit\u00e9, d\u2019autres mesures peuvent \u00eatre prises.&nbsp; Les entretiens ne sont pas annonc\u00e9s aux \u00e9l\u00e8ves. Les entreprises ne sont pas tenues au courant, sauf en cas de n\u00e9cessit\u00e9.<\/p>\n\n\n\n<div class=\"wp-block-group is-nowrap is-layout-flex wp-container-core-group-is-layout-b1ad4258 wp-block-group-is-layout-flex\" style=\"padding-top:0;padding-bottom:var(--wp--preset--spacing--40)\">\n<p class=\"has-custom-bleu-color has-text-color has-link-color wp-elements-436678d03f6d455b27ff3d465d8e054e\"><a href=\"https:\/\/www.vd.ch\/formation\/sante-a-lecole\/prestations\/harcelement-intimidation-et-violences-entre-eleves\/\" target=\"_blank\" rel=\"noreferrer noopener\">en savoir plus<\/a><\/p>\n\n\n\n<figure class=\"wp-block-image size-full is-resized\"><img loading=\"lazy\" decoding=\"async\" width=\"30\" height=\"29\" src=\"https:\/\/www.epca.ch\/www\/wp-content\/uploads\/2025\/05\/FlecheLien.webp\" alt=\"\" class=\"wp-image-2093\" style=\"width:20px\"\/><\/figure>\n\n\n\n<p><\/p>\n<\/div>\n\n\n\n<div class=\"wp-block-group has-global-padding is-layout-constrained wp-block-group-is-layout-constrained\"><\/div>\n\n\n\n<div class=\"wp-block-group has-global-padding is-layout-constrained wp-block-group-is-layout-constrained\">\n<div class=\"wp-block-columns is-layout-flex wp-container-core-columns-is-layout-28f84493 wp-block-columns-is-layout-flex\">\n<div class=\"wp-block-column is-layout-flow wp-block-column-is-layout-flow\" style=\"flex-basis:100%\">\n<h2 class=\"wp-block-heading\">Violences et <span class=\"bleu-epca\">discriminations<\/span> <\/h2>\n<\/div>\n<\/div>\n<\/div>\n<\/div>\n\n\n\n<p>Aucune forme de violence (verbale, physique ou psychologique) et de discrimination (homophobe, transphobe, raciste, sexiste, grossophobe, \u00e0 caract\u00e8re religieux, etc.) n&rsquo;est tol\u00e9r\u00e9e. En cas d&rsquo;incident, quel qu\u2019il soit, l&rsquo;\u00e9l\u00e8ve concern\u00e9 sera suspendu\u00b7e. L&rsquo;incident en sera r\u00e9f\u00e9r\u00e9 \u00e0 la direction qui prendra des mesures pouvant aller jusqu&rsquo;\u00e0 l&rsquo;exclusion d\u00e9finitive. Pour rappel, toute forme de violence ou de discrimination rel\u00e8ve du code p\u00e9nal.<\/p>\n<\/div>\n\n\n\n<div class=\"wp-block-column has-global-padding is-layout-constrained wp-block-column-is-layout-constrained\">\n<figure class=\"wp-block-image alignfull size-full has-custom-border image-pleine-hauteur\"><img loading=\"lazy\" decoding=\"async\" width=\"1706\" height=\"2560\" src=\"https:\/\/www.epca.ch\/www\/wp-content\/uploads\/2025\/05\/pexels-jesper-425001880-26838982-scaled.webp\" alt=\"\" class=\"wp-image-2016\" style=\"border-top-right-radius:40px\" srcset=\"https:\/\/www.epca.ch\/www\/wp-content\/uploads\/2025\/05\/pexels-jesper-425001880-26838982-scaled.webp 1706w, https:\/\/www.epca.ch\/www\/wp-content\/uploads\/2025\/05\/pexels-jesper-425001880-26838982-200x300.webp 200w, https:\/\/www.epca.ch\/www\/wp-content\/uploads\/2025\/05\/pexels-jesper-425001880-26838982-683x1024.webp 683w, https:\/\/www.epca.ch\/www\/wp-content\/uploads\/2025\/05\/pexels-jesper-425001880-26838982-768x1152.webp 768w, https:\/\/www.epca.ch\/www\/wp-content\/uploads\/2025\/05\/pexels-jesper-425001880-26838982-1024x1536.webp 1024w, https:\/\/www.epca.ch\/www\/wp-content\/uploads\/2025\/05\/pexels-jesper-425001880-26838982-1365x2048.webp 1365w\" sizes=\"auto, (max-width: 1706px) 100vw, 1706px\" \/><\/figure>\n<\/div>\n<\/div>\n\n\n\n<h2 class=\"wp-block-heading\">Groupe <span class=\"bleu-epca\">Ressources<\/span><\/h2>\n\n\n\n<div class=\"wp-block-group alignwide has-background has-global-padding is-layout-constrained wp-container-core-group-is-layout-594587f7 wp-block-group-is-layout-constrained\" style=\"border-top-right-radius:33px;background-color:#f2f2f2;padding-top:var(--wp--preset--spacing--20);padding-right:var(--wp--preset--spacing--30);padding-bottom:var(--wp--preset--spacing--20);padding-left:var(--wp--preset--spacing--30)\">\n<div class=\"wp-block-group is-nowrap is-layout-flex wp-container-core-group-is-layout-dc604d1a wp-block-group-is-layout-flex\">\n<h3 class=\"wp-block-heading wp-container-content-5b984bb6\">Am\u00e9nagements<\/h3>\n\n\n\n<div class=\"wp-block-group has-global-padding is-layout-constrained wp-block-group-is-layout-constrained\">\n<p>Debora Civitillo<br><a href=\"mailto:debora.civitillo@eduvaud.ch\" target=\"_blank\" rel=\"noreferrer noopener\">debora.civitillo@eduvaud.ch<\/a><\/p>\n<\/div>\n<\/div>\n\n\n\n<hr class=\"wp-block-separator alignwide has-alpha-channel-opacity\"\/>\n\n\n\n<div class=\"wp-block-group is-nowrap is-layout-flex wp-container-core-group-is-layout-dc604d1a wp-block-group-is-layout-flex\">\n<h3 class=\"wp-block-heading wp-container-content-5b984bb6\">Conseill\u00e8re aux apprenti\u00b7e\u00b7s<\/h3>\n\n\n\n<p>Alexandra Binggeli <br><a href=\"mailto:alexandra.binggeli@vd.ch\" target=\"_blank\" rel=\"noreferrer noopener\">alexandra.binggeli@vd.ch<\/a><br>079 546 03 62<\/p>\n<\/div>\n\n\n\n<hr class=\"wp-block-separator alignwide has-alpha-channel-opacity\"\/>\n\n\n\n<div class=\"wp-block-group is-nowrap is-layout-flex wp-container-core-group-is-layout-dc604d1a wp-block-group-is-layout-flex\">\n<h3 class=\"wp-block-heading wp-container-content-5b984bb6\">M\u00e9diation<\/h3>\n\n\n\n<div class=\"wp-block-group has-global-padding is-layout-constrained wp-block-group-is-layout-constrained\">\n<p>Isabelle Maillard<br><a href=\"mailto:isabelle.maillard@eduvaud.ch\" target=\"_blank\" rel=\"noreferrer noopener\">isabelle.maillard@eduvaud.ch<\/a><br>079 808 53 69<\/p>\n\n\n\n<p>Mike Fayolle<br><a href=\"mailto:mike.fayolle@eduvaud.ch\" target=\"_blank\" rel=\"noreferrer noopener\">mike.fayolle@eduvaud.ch<\/a><br>079 808 53 69<\/p>\n\n\n\n<p>Shukri Latifi<br><a href=\"mailto:shukri.latifi@eduvaud.ch\" target=\"_blank\" rel=\"noreferrer noopener\">shukri.latifi@eduvaud.ch<\/a><br>079 808 53 69<\/p>\n<\/div>\n<\/div>\n\n\n\n<hr class=\"wp-block-separator alignwide has-alpha-channel-opacity\"\/>\n\n\n\n<div class=\"wp-block-group is-nowrap is-layout-flex wp-container-core-group-is-layout-dc604d1a wp-block-group-is-layout-flex\">\n<h3 class=\"wp-block-heading wp-container-content-5b984bb6\">Psychologue<\/h3>\n\n\n\n<div class=\"wp-block-group has-global-padding is-layout-constrained wp-block-group-is-layout-constrained\">\n<p>C\u00e9line Battaglia-Marchetti<br><a href=\"mailto:celine.battaglia-marchetti@vd.ch\" target=\"_blank\" rel=\"noreferrer noopener\">celine.battaglia-marchetti@vd.ch<\/a><br>079 452 65 06<\/p>\n\n\n\n<p><a href=\"https:\/\/forms.office.com\/pages\/responsepage.aspx?id=CLlqkPkEgEq6nIdaNud7wSG6fsLJVQpFjPwSalGL25FUNlI2SkhBSTAyWFg4SkFHNDNKTFhUSjhVTi4u&amp;route=shorturl\" target=\"_blank\" rel=\"noreferrer noopener\">Prendre rendez-vous en ligne<\/a><\/p>\n\n\n\n<p>Jours de pr\u00e9sence : lundi, mardi, jeudi, vendredi<\/p>\n<\/div>\n<\/div>\n\n\n\n<hr class=\"wp-block-separator alignwide has-alpha-channel-opacity\"\/>\n\n\n\n<div class=\"wp-block-group is-nowrap is-layout-flex wp-container-core-group-is-layout-dc604d1a wp-block-group-is-layout-flex\">\n<h3 class=\"wp-block-heading wp-container-content-5b984bb6\">Service de sant\u00e9<\/h3>\n\n\n\n<div class=\"wp-block-group has-global-padding is-layout-constrained wp-block-group-is-layout-constrained\">\n<p class=\"has-text-align-left\">Sophie De Luca<br><a href=\"mailto:servicesante.epca@avasad.ch\" target=\"_blank\" rel=\"noreferrer noopener\">servicesante.epca@avasad.ch<\/a><br>079 159 29 12<\/p>\n\n\n\n<p class=\"has-text-align-left\">Jour de pr\u00e9sence : jeudi<br><\/p>\n<\/div>\n<\/div>\n\n\n\n<hr class=\"wp-block-separator alignwide has-alpha-channel-opacity\"\/>\n\n\n\n<div class=\"wp-block-group is-nowrap is-layout-flex wp-container-core-group-is-layout-dc604d1a wp-block-group-is-layout-flex\">\n<h3 class=\"wp-block-heading wp-container-content-5b984bb6\">Enseignement sp\u00e9cialis\u00e9<\/h3>\n\n\n\n<div class=\"wp-block-group has-global-padding is-layout-constrained wp-block-group-is-layout-constrained\">\n<p class=\"has-text-align-left\">Cindy Jonin<br><a href=\"mailto:cindy.jonin@vd.ch\" target=\"_blank\" rel=\"noreferrer noopener\">cindy.jonin@vd.ch<\/a><br>079 406 27 99<\/p>\n\n\n\n<p>Jours de pr\u00e9sence : lundi et jeudi (semaines impaires) \/<br>mardi et vendredi (semaines paires)<\/p>\n<\/div>\n<\/div>\n\n\n\n<hr class=\"wp-block-separator alignwide has-alpha-channel-opacity\"\/>\n\n\n\n<div class=\"wp-block-group is-nowrap is-layout-flex wp-container-core-group-is-layout-dc604d1a wp-block-group-is-layout-flex\">\n<h3 class=\"wp-block-heading wp-container-content-5b984bb6\">Accompagnante spirituelle<\/h3>\n\n\n\n<div class=\"wp-block-group has-global-padding is-layout-constrained wp-block-group-is-layout-constrained\">\n<p class=\"has-text-align-left\">Anouk Troyon<br><a href=\"mailto:anouk.troyon@eduvaud.ch\" target=\"_blank\" rel=\"noreferrer noopener\">anouk.troyon@eduvaud.ch<\/a><br>079 639 99 64<\/p>\n<\/div>\n<\/div>\n<\/div>\n\n\n\n<hr class=\"wp-block-separator alignwide has-alpha-channel-opacity\"\/>\n\n\n\n<div class=\"wp-block-columns colonnes-egales is-layout-flex wp-container-core-columns-is-layout-fdab853b wp-block-columns-is-layout-flex\" style=\"margin-top:var(--wp--preset--spacing--40);margin-bottom:var(--wp--preset--spacing--40);padding-right:var(--wp--preset--spacing--30);padding-left:var(--wp--preset--spacing--30)\">\n<div class=\"wp-block-column is-vertically-aligned-stretch has-background is-layout-flow wp-block-column-is-layout-flow\" style=\"border-top-right-radius:33px;background-color:#f2f2f2;padding-right:0;padding-left:0\">\n<div class=\"wp-block-group has-global-padding is-layout-constrained wp-container-core-group-is-layout-7db9d80f wp-block-group-is-layout-constrained\" style=\"padding-right:0;padding-left:0\">\n<div class=\"wp-block-group block-gris has-global-padding is-layout-constrained wp-container-core-group-is-layout-0c2fbd0a wp-block-group-is-layout-constrained\" style=\"border-top-right-radius:33px;margin-top:0;margin-bottom:0;padding-top:var(--wp--preset--spacing--30);padding-right:var(--wp--preset--spacing--30);padding-bottom:var(--wp--preset--spacing--30);padding-left:var(--wp--preset--spacing--30)\">\n<div class=\"wp-block-group is-nowrap is-layout-flex wp-container-core-group-is-layout-6c531013 wp-block-group-is-layout-flex\">\n<h2 class=\"wp-block-heading\">Am\u00e9nagements<\/h2>\n<\/div>\n\n\n\n<p>Les \u00e9l\u00e8ves souffrant de troubles \u00ab&nbsp;dys&nbsp;\u00bb ou de tout autre trouble et d\u00e9sirant b\u00e9n\u00e9ficier d\u2019un am\u00e9nagement de leur formation doivent compl\u00e9ter le formulaire d\u2019annonce de besoins.<\/p>\n\n\n\n<p>Le formulaire est disponible ci-dessous ou au secr\u00e9tariat. Il doit \u00eatre accompagn\u00e9 de justificatifs (certificat m\u00e9dical ou attestation d\u2019un sp\u00e9cialiste reconnu datant d\u2019au maximum 5 ans).<\/p>\n\n\n\n<p>Mme Debora Civitillo prend ensuite contact pour pr\u00e9parer une demande d\u2019am\u00e9nagement de la formation. Les am\u00e9nagements sont octroy\u00e9s individuellement et dans la mesure des possibilit\u00e9s organisationnelles de l\u2019\u00e9cole. Ils sont valides durant la formation scolaire \u00e0 l\u2019EPCA et serviront de base aux am\u00e9nagements qui pourront \u00eatre demand\u00e9s pour les proc\u00e9dures de qualification de fin de formation.<\/p>\n\n\n\n<div class=\"wp-block-group is-nowrap is-layout-flex wp-container-core-group-is-layout-b1ad4258 wp-block-group-is-layout-flex\" style=\"padding-top:0;padding-bottom:var(--wp--preset--spacing--40)\">\n<p class=\"has-custom-bleu-color has-text-color has-link-color wp-elements-62214bde26d521027babca8be663d1b9\"><a href=\"\/www\/contenu\/docs_amenagements\/Flyer_mesures_amenagements.pdf\" target=\"_blank\" rel=\"noreferrer noopener\">en savoir plus<\/a><\/p>\n\n\n\n<figure class=\"wp-block-image size-full is-resized\"><img loading=\"lazy\" decoding=\"async\" width=\"30\" height=\"29\" src=\"https:\/\/www.epca.ch\/www\/wp-content\/uploads\/2025\/05\/FlecheLien.webp\" alt=\"\" class=\"wp-image-2093\" style=\"width:20px\"\/><\/figure>\n<\/div>\n\n\n\n<div class=\"wp-block-group has-global-padding is-layout-constrained wp-block-group-is-layout-constrained\">\n<div class=\"wp-block-buttons alignwide bouton-espace is-vertical is-layout-flex wp-container-core-buttons-is-layout-fe9cc265 wp-block-buttons-is-layout-flex\">\n<div class=\"wp-block-button has-custom-width wp-block-button__width-100 is-style-fill\"><a class=\"wp-block-button__link has-large-font-size has-custom-font-size wp-element-button\" href=\"\/www\/contenu\/docs_amenagements\/EPCA_Form_AnnonceTrouble.pdf\" target=\"_blank\" rel=\"noreferrer noopener\">Formulaire d&rsquo;annonce de besoins<\/a><\/div>\n\n\n\n<div class=\"wp-block-button has-custom-width wp-block-button__width-100 is-style-fill\"><a class=\"wp-block-button__link has-large-font-size has-custom-font-size wp-element-button\" href=\"\/www\/contenu\/docs_amenagements\/BS_attestation_aide-m%C3%A9moire.pdf\" target=\"_blank\" rel=\"noreferrer noopener\">Aide-m\u00e9moire pour demande d&rsquo;attestation<\/a><\/div>\n<\/div>\n<\/div>\n<\/div>\n<\/div>\n<\/div>\n\n\n\n<div class=\"wp-block-column is-vertically-aligned-stretch has-background is-layout-flow wp-block-column-is-layout-flow\" style=\"border-top-right-radius:33px;background-color:#f2f2f2\">\n<div class=\"wp-block-group has-global-padding is-layout-constrained wp-container-core-group-is-layout-7db9d80f wp-block-group-is-layout-constrained\" style=\"padding-right:0;padding-left:0\">\n<div class=\"wp-block-group block-gris has-global-padding is-layout-constrained wp-container-core-group-is-layout-0c2fbd0a wp-block-group-is-layout-constrained\" style=\"border-top-right-radius:33px;margin-top:0;margin-bottom:0;padding-top:var(--wp--preset--spacing--30);padding-right:var(--wp--preset--spacing--30);padding-bottom:var(--wp--preset--spacing--30);padding-left:var(--wp--preset--spacing--30)\">\n<div class=\"wp-block-group is-nowrap is-layout-flex wp-container-core-group-is-layout-6c531013 wp-block-group-is-layout-flex\">\n<h2 class=\"wp-block-heading\">Conseill\u00e8res aux apprenti\u00b7e\u00b7s<\/h2>\n<\/div>\n\n\n\n<p>La conseill\u00e8re aux apprenti\u00b7e\u00b7s propose un soutien aux apprenti\u00b7e\u00b7s qui rencontrent des difficult\u00e9s scolaires, personnelles ou sociales dans le courant de leur formation.<\/p>\n\n\n\n<p>En cas de difficult\u00e9s relationnelles sur la place de travail, elle peut intervenir dans un r\u00f4le de m\u00e9diation sur demande des parties au contrat. Elle propose un accompagnement aux apprenti\u00b7e\u00b7s en rupture de contrat d\u2019apprentissage qui souhaitent retrouver une nouvelle place d\u2019apprentissage ou se r\u00e9orienter.<\/p>\n\n\n\n<p>La conseill\u00e8re aux apprenti\u00b7e\u00b7s&nbsp;intervient \u00e9galement lors d&rsquo;un projet de formation d&rsquo;assistant de bureau ou assistant du commerce de d\u00e9tail.<\/p>\n<\/div>\n<\/div>\n<\/div>\n<\/div>\n\n\n\n<div class=\"wp-block-columns colonnes-egales is-layout-flex wp-container-core-columns-is-layout-fdab853b wp-block-columns-is-layout-flex\" style=\"margin-top:var(--wp--preset--spacing--40);margin-bottom:var(--wp--preset--spacing--40);padding-right:var(--wp--preset--spacing--30);padding-left:var(--wp--preset--spacing--30)\">\n<div class=\"wp-block-column is-vertically-aligned-stretch has-background is-layout-flow wp-block-column-is-layout-flow\" style=\"border-top-right-radius:33px;background-color:#f2f2f2;padding-right:0;padding-left:0\">\n<div class=\"wp-block-group has-global-padding is-layout-constrained wp-container-core-group-is-layout-7db9d80f wp-block-group-is-layout-constrained\" style=\"padding-right:0;padding-left:0\">\n<div class=\"wp-block-group block-gris has-global-padding is-layout-constrained wp-container-core-group-is-layout-0c2fbd0a wp-block-group-is-layout-constrained\" style=\"border-top-right-radius:33px;margin-top:0;margin-bottom:0;padding-top:var(--wp--preset--spacing--30);padding-right:var(--wp--preset--spacing--30);padding-bottom:var(--wp--preset--spacing--30);padding-left:var(--wp--preset--spacing--30)\">\n<div class=\"wp-block-group is-nowrap is-layout-flex wp-container-core-group-is-layout-6c531013 wp-block-group-is-layout-flex\">\n<h2 class=\"wp-block-heading\">M\u00e9diation<\/h2>\n<\/div>\n\n\n\n<p>Le service m\u00e9diation vous propose&nbsp;:<\/p>\n\n\n\n<ul class=\"wp-block-list\">\n<li>de b\u00e9n\u00e9ficier d&rsquo;une m\u00e9diation en cas de conflit avec d&rsquo;autres \u00e9l\u00e8ves<\/li>\n\n\n\n<li>d\u2019\u00eatre accompagn\u00e9-e lors de difficult\u00e9s personnelles, scolaires, financi\u00e8res ou d&rsquo;organisation<\/li>\n\n\n\n<li>de chercher avec vous des ressources et des solutions<\/li>\n\n\n\n<li>une garantie de confidentialit\u00e9 (dans les limites impos\u00e9es par la loi).<\/li>\n<\/ul>\n<\/div>\n<\/div>\n<\/div>\n\n\n\n<div class=\"wp-block-column is-vertically-aligned-stretch has-background is-layout-flow wp-block-column-is-layout-flow\" style=\"border-top-right-radius:33px;background-color:#f2f2f2\">\n<div class=\"wp-block-group has-global-padding is-layout-constrained wp-container-core-group-is-layout-7db9d80f wp-block-group-is-layout-constrained\" style=\"padding-right:0;padding-left:0\">\n<div class=\"wp-block-group block-gris has-global-padding is-layout-constrained wp-container-core-group-is-layout-0c2fbd0a wp-block-group-is-layout-constrained\" style=\"border-top-right-radius:33px;margin-top:0;margin-bottom:0;padding-top:var(--wp--preset--spacing--30);padding-right:var(--wp--preset--spacing--30);padding-bottom:var(--wp--preset--spacing--30);padding-left:var(--wp--preset--spacing--30)\">\n<div class=\"wp-block-group is-nowrap is-layout-flex wp-container-core-group-is-layout-6c531013 wp-block-group-is-layout-flex\">\n<h2 class=\"wp-block-heading\">Psychologue scolaire<\/h2>\n<\/div>\n\n\n\n<p>La psychologue intervient sur demande dans diverses situations :<\/p>\n\n\n\n<ul class=\"wp-block-list\">\n<li>aide sp\u00e9cifique aupr\u00e8s de l\u2019\u00e9tudiant en cas de difficult\u00e9s :\n<ul class=\"wp-block-list\">\n<li>d\u2019apprentissage, de m\u00e9moire, de concentration ;<\/li>\n\n\n\n<li>de gestion des \u00e9motions et du stress, de confiance en soi, d\u2019anxi\u00e9t\u00e9 ;<\/li>\n\n\n\n<li>relationnelles ou comportementales ;<\/li>\n\n\n\n<li>d\u2019int\u00e9gration dans la classe ;<\/li>\n\n\n\n<li>familiales (crises ou situation probl\u00e9matique en famille)<\/li>\n<\/ul>\n<\/li>\n\n\n\n<li>participation \u00e0 la r\u00e9flexion permettant des ajustements du contexte de formation, au profit de jeunes en difficult\u00e9<\/li>\n\n\n\n<li>collaboration avec les diff\u00e9rents partenaires scolaires.<\/li>\n<\/ul>\n\n\n\n<p>Les \u00e9l\u00e8ves sont re\u00e7us sur rendez-vous. La prise de contact est possible par t\u00e9l\u00e9phone, email ou directement au bureau (salle 9), les lundis, mardis, jeudis et vendredis.<\/p>\n<\/div>\n<\/div>\n<\/div>\n<\/div>\n\n\n\n<div class=\"wp-block-columns colonnes-egales is-layout-flex wp-container-core-columns-is-layout-fdab853b wp-block-columns-is-layout-flex\" style=\"margin-top:var(--wp--preset--spacing--40);margin-bottom:var(--wp--preset--spacing--40);padding-right:var(--wp--preset--spacing--30);padding-left:var(--wp--preset--spacing--30)\">\n<div class=\"wp-block-column is-vertically-aligned-stretch has-background is-layout-flow wp-block-column-is-layout-flow\" style=\"border-top-right-radius:33px;background-color:#f2f2f2;padding-right:0;padding-left:0\">\n<div class=\"wp-block-group has-global-padding is-layout-constrained wp-container-core-group-is-layout-7db9d80f wp-block-group-is-layout-constrained\" style=\"padding-right:0;padding-left:0\">\n<div class=\"wp-block-group block-gris has-global-padding is-layout-constrained wp-container-core-group-is-layout-0c2fbd0a wp-block-group-is-layout-constrained\" style=\"border-top-right-radius:33px;margin-top:0;margin-bottom:0;padding-top:var(--wp--preset--spacing--30);padding-right:var(--wp--preset--spacing--30);padding-bottom:var(--wp--preset--spacing--30);padding-left:var(--wp--preset--spacing--30)\">\n<div class=\"wp-block-group is-nowrap is-layout-flex wp-container-core-group-is-layout-6c531013 wp-block-group-is-layout-flex\">\n<h2 class=\"wp-block-heading\">Service de sant\u00e9<\/h2>\n<\/div>\n\n\n\n<p>Le service de sant\u00e9 est un lieu d\u2019accueil pour les adolescents et leur famille. L&rsquo;infirmi\u00e8re scolaire propose un accompagnement professionnel pour toute question en lien avec le bien-\u00eatre.<\/p>\n\n\n\n<p>Sp\u00e9cialis\u00e9e en sant\u00e9 communautaire, l&rsquo;infirmi\u00e8re offre des prestations durables de promotion de la sant\u00e9 et de pr\u00e9vention, dans le respect de la confidentialit\u00e9 et des choix des jeunes, et dans une vis\u00e9e inclusive :<\/p>\n\n\n\n<ul class=\"wp-block-list\">\n<li>soins personnalis\u00e9s, \u00e9coute et soutien<\/li>\n\n\n\n<li>\u00e9valuation, orientation et collaboration avec les partenaires et les r\u00e9seaux de soins<\/li>\n\n\n\n<li>accompagnement dans des situations individuelles, diverses et impr\u00e9visibles (complexit\u00e9s psycho-sociales et familiales, urgences, incidents critiques) et dans des exp\u00e9riences de sant\u00e9 sp\u00e9cifiques (maladies chroniques, en situation de handicap)<\/li>\n\n\n\n<li>participation&nbsp;\u00e0 la mise en place de projets de promotion de la sant\u00e9 avec les professionnels de l\u2019\u00e9cole (\u00e9quipe PSPS)<\/li>\n\n\n\n<li>mise en \u0153uvre de la vaccination scolaire par d\u00e9l\u00e9gation du m\u00e9decin cantonal<\/li>\n\n\n\n<li>information sur les prestations infirmi\u00e8res \u00e0 l\u2019ensemble de la communaut\u00e9 scolaire.<\/li>\n<\/ul>\n<\/div>\n<\/div>\n<\/div>\n\n\n\n<div class=\"wp-block-column is-vertically-aligned-stretch has-background is-layout-flow wp-block-column-is-layout-flow\" style=\"border-top-right-radius:33px;background-color:#f2f2f2\">\n<div class=\"wp-block-group has-global-padding is-layout-constrained wp-container-core-group-is-layout-7db9d80f wp-block-group-is-layout-constrained\" style=\"padding-right:0;padding-left:0\">\n<div class=\"wp-block-group block-gris has-global-padding is-layout-constrained wp-container-core-group-is-layout-0c2fbd0a wp-block-group-is-layout-constrained\" style=\"border-top-right-radius:33px;margin-top:0;margin-bottom:0;padding-top:var(--wp--preset--spacing--30);padding-right:var(--wp--preset--spacing--30);padding-bottom:var(--wp--preset--spacing--30);padding-left:var(--wp--preset--spacing--30)\">\n<div class=\"wp-block-group is-nowrap is-layout-flex wp-container-core-group-is-layout-6c531013 wp-block-group-is-layout-flex\">\n<h2 class=\"wp-block-heading\">Enseignement sp\u00e9cialis\u00e9<\/h2>\n<\/div>\n\n\n\n<p>L&rsquo;enseignement sp\u00e9cialis\u00e9 au postobligatoire a pour mission d&rsquo;\u00e9liminer les in\u00e9galit\u00e9s, notamment \u00e0 l&rsquo;\u00e9gard des \u00e9l\u00e8ves&nbsp; ayant besoin de mesures de soutien pour avoir les m\u00eames chances de formation que les autres.<\/p>\n\n\n\n<p>L&rsquo;enseignante sp\u00e9cialis\u00e9e est \u00e9galement un soutien pour le corps enseignant (pr\u00e9sentations d\u2019outils, \u00e9changes de pratiques, accompagnements \u00e0 la gestion de classe, etc.).<\/p>\n\n\n\n<p>Elle a \u00e9galement l&rsquo;expertise pour la mise en place des mesures d&rsquo;am\u00e9nagement.<\/p>\n\n\n\n<p>L&rsquo;enseignante sp\u00e9cialis\u00e9e repr\u00e9sente aussi une aide ponctuelle pour les \u00e9l\u00e8ves.<\/p>\n\n\n\n<p>Enfin, l&rsquo;enseignante sp\u00e9cialis\u00e9e est une pr\u00e9sence p\u00e9dagogique sp\u00e9cialis\u00e9e au sein de l&rsquo;\u00e9quipe ressource.<\/p>\n<\/div>\n<\/div>\n<\/div>\n<\/div>\n\n\n\n<div class=\"wp-block-columns colonnes-egales is-layout-flex wp-container-core-columns-is-layout-fdab853b wp-block-columns-is-layout-flex\" style=\"margin-top:var(--wp--preset--spacing--40);margin-bottom:var(--wp--preset--spacing--40);padding-right:var(--wp--preset--spacing--30);padding-left:var(--wp--preset--spacing--30)\">\n<div class=\"wp-block-column is-vertically-aligned-stretch has-background is-layout-flow wp-block-column-is-layout-flow\" style=\"border-top-right-radius:33px;background-color:#f2f2f2;padding-right:0;padding-left:0\">\n<div class=\"wp-block-group has-global-padding is-layout-constrained wp-container-core-group-is-layout-7db9d80f wp-block-group-is-layout-constrained\" style=\"padding-right:0;padding-left:0\">\n<div class=\"wp-block-group block-gris has-global-padding is-layout-constrained wp-container-core-group-is-layout-0c2fbd0a wp-block-group-is-layout-constrained\" style=\"border-top-right-radius:33px;margin-top:0;margin-bottom:0;padding-top:var(--wp--preset--spacing--30);padding-right:var(--wp--preset--spacing--30);padding-bottom:var(--wp--preset--spacing--30);padding-left:var(--wp--preset--spacing--30)\">\n<div class=\"wp-block-group is-nowrap is-layout-flex wp-container-core-group-is-layout-6c531013 wp-block-group-is-layout-flex\">\n<h2 class=\"wp-block-heading\">Accompagnante spirituelle<\/h2>\n<\/div>\n\n\n\n<p>L\u2019accompagnante spirituelle propose un espace et du temps pour l\u2019\u00e9coute et l\u2019accompagnement des apprenti\u2219e\u2219s et des collaborateurs\/trices de l\u2019EPCA, dans le respect des croyances et convictions de chaque personne, et ce en toute confidentialit\u00e9.<\/p>\n\n\n\n<p>Activit\u00e9s principales&nbsp;:<\/p>\n\n\n\n<ul class=\"wp-block-list\">\n<li>offrir une \u00e9coute et un accompagnement : dans les moments difficiles, quand le besoin de parler se fait sentir (deuil, s\u00e9paration, temps de crise, questionnement existentiel, recherche de sens, etc.)<\/li>\n\n\n\n<li>cultiver la r\u00e9flexion autour des questions de sens de la vie, de la soci\u00e9t\u00e9, de l\u2019interculturalit\u00e9<\/li>\n\n\n\n<li>valoriser la dimension spirituelle et int\u00e9rieure de l\u2019existence<\/li>\n\n\n\n<li>collaborer avec les membres de l\u2019\u00c9cole et l\u2019\u00e9quipe PSPS pour le bien-\u00eatre des apprenti\u2219e\u2219s<\/li>\n\n\n\n<li>intervenir lors de la survenue d\u2019un incident critique&nbsp;; soutien psycho-social d\u2019urgence.<\/li>\n<\/ul>\n<\/div>\n<\/div>\n<\/div>\n\n\n\n<div class=\"wp-block-column is-vertically-aligned-stretch has-background is-layout-flow wp-block-column-is-layout-flow\" style=\"border-top-right-radius:33px;background-color:#f2f2f2\">\n<div class=\"wp-block-group has-global-padding is-layout-constrained wp-container-core-group-is-layout-7db9d80f wp-block-group-is-layout-constrained\" style=\"padding-right:0;padding-left:0\">\n<div class=\"wp-block-group block-gris has-global-padding is-layout-constrained wp-container-core-group-is-layout-0c2fbd0a wp-block-group-is-layout-constrained\" style=\"border-top-right-radius:33px;margin-top:0;margin-bottom:0;padding-top:var(--wp--preset--spacing--30);padding-right:var(--wp--preset--spacing--30);padding-bottom:var(--wp--preset--spacing--30);padding-left:var(--wp--preset--spacing--30)\">\n<div class=\"wp-block-group is-nowrap is-layout-flex wp-container-core-group-is-layout-6c531013 wp-block-group-is-layout-flex\">\n<h2 class=\"wp-block-heading\"><\/h2>\n<\/div>\n\n\n\n<p><\/p>\n<\/div>\n<\/div>\n<\/div>\n<\/div>\n\n\n\n<div class=\"wp-block-columns are-vertically-aligned-center is-layout-flex wp-container-core-columns-is-layout-28f84493 wp-block-columns-is-layout-flex\">\n<div class=\"wp-block-column is-vertically-aligned-center is-layout-flow wp-block-column-is-layout-flow\">\n<h2 class=\"wp-block-heading\">Besoins <span class=\"bleu-epca\">d&rsquo;aide<\/span> dans votre apprentissage ?<\/h2>\n<\/div>\n<\/div>\n\n\n\n<div class=\"wp-block-columns are-vertically-aligned-center is-layout-flex wp-container-core-columns-is-layout-28f84493 wp-block-columns-is-layout-flex\">\n<div class=\"wp-block-column is-vertically-aligned-center is-layout-flow wp-block-column-is-layout-flow\" style=\"flex-basis:25%\">\n<figure class=\"wp-block-image aligncenter size-full\"><a href=\"https:\/\/www.portail.vd.ch\/iamlogin\/agent?realm=internet&amp;goto=https%3A%2F%2Fwww.portail.vd.ch%3A443%2Fagent%2Fcustom-login-response%3Fstate%3D8M5LYtvXCa8EaZtJOSi29zNZkGk%26realm%3Dinternet&amp;original_request_url=https%3A%2F%2Fwww.portail.vd.ch%3A443%2Fiam%2Faccueil%2F\" target=\"_blank\" rel=\"noreferrer noopener\"><img loading=\"lazy\" decoding=\"async\" width=\"276\" height=\"147\" src=\"https:\/\/www.epca.ch\/www\/wp-content\/uploads\/2022\/10\/logo_lagapep.jpg\" alt=\"\" class=\"wp-image-841\"\/><\/a><\/figure>\n<\/div>\n\n\n\n<div class=\"wp-block-column is-vertically-aligned-center is-layout-flow wp-block-column-is-layout-flow\" style=\"flex-basis:25%\">\n<figure class=\"wp-block-image size-full\"><a href=\"https:\/\/formation-apprentis.ch\/coachapp\/\" target=\"_blank\" rel=\"noreferrer noopener\"><img loading=\"lazy\" decoding=\"async\" width=\"276\" height=\"147\" src=\"https:\/\/www.epca.ch\/www\/wp-content\/uploads\/2022\/10\/logo_coachapp.jpg\" alt=\"\" class=\"wp-image-840\"\/><\/a><\/figure>\n<\/div>\n\n\n\n<div class=\"wp-block-column is-vertically-aligned-center is-layout-flow wp-block-column-is-layout-flow\" style=\"flex-basis:25%\">\n<figure class=\"wp-block-image size-full\"><a href=\"https:\/\/formation-apprentis.ch\/appapp\/\" target=\"_blank\" rel=\"noreferrer noopener\"><img loading=\"lazy\" decoding=\"async\" width=\"276\" height=\"147\" src=\"https:\/\/www.epca.ch\/www\/wp-content\/uploads\/2022\/10\/logo_appapp-1.jpg\" alt=\"\" class=\"wp-image-846\"\/><\/a><\/figure>\n<\/div>\n<\/div>\n\n\n\n<p><\/p>\n","protected":false},"excerpt":{"rendered":"<p>Soutien aux \u00e9l\u00e8ves durant la formation L\u2019EPCA met en place divers dispositifs d\u2019accompagnement pour aider ses \u00e9l\u00e8ves \u00e0 r\u00e9ussir leur parcours. Gr\u00e2ce au Groupe Ressources, chaque \u00e9l\u00e8ve b\u00e9n\u00e9ficie du soutien n\u00e9cessaire pour surmonter ses d\u00e9fis et s\u2019\u00e9panouir dans sa formation. Harc\u00e8lement &amp; intimidation Notre \u00e9tablissement s\u2019engage depuis toujours dans la promotion d\u2019un climat scolaire de [&hellip;]<\/p>\n","protected":false},"author":3,"featured_media":0,"parent":0,"menu_order":0,"comment_status":"closed","ping_status":"closed","template":"","meta":{"footnotes":""},"class_list":["post-2308","page","type-page","status-publish","hentry"],"_links":{"self":[{"href":"https:\/\/www.epca.ch\/www\/wp-json\/wp\/v2\/pages\/2308","targetHints":{"allow":["GET"]}}],"collection":[{"href":"https:\/\/www.epca.ch\/www\/wp-json\/wp\/v2\/pages"}],"about":[{"href":"https:\/\/www.epca.ch\/www\/wp-json\/wp\/v2\/types\/page"}],"author":[{"embeddable":true,"href":"https:\/\/www.epca.ch\/www\/wp-json\/wp\/v2\/users\/3"}],"replies":[{"embeddable":true,"href":"https:\/\/www.epca.ch\/www\/wp-json\/wp\/v2\/comments?post=2308"}],"version-history":[{"count":59,"href":"https:\/\/www.epca.ch\/www\/wp-json\/wp\/v2\/pages\/2308\/revisions"}],"predecessor-version":[{"id":3121,"href":"https:\/\/www.epca.ch\/www\/wp-json\/wp\/v2\/pages\/2308\/revisions\/3121"}],"wp:attachment":[{"href":"https:\/\/www.epca.ch\/www\/wp-json\/wp\/v2\/media?parent=2308"}],"curies":[{"name":"wp","href":"https:\/\/api.w.org\/{rel}","templated":true}]}}