{"id":676,"date":"2022-10-07T14:54:38","date_gmt":"2022-10-07T12:54:38","guid":{"rendered":"https:\/\/www.epca.ch\/www\/?page_id=676"},"modified":"2026-02-04T11:19:30","modified_gmt":"2026-02-04T10:19:30","slug":"epca_matupro","status":"publish","type":"page","link":"https:\/\/www.epca.ch\/www\/epca_matupro\/","title":{"rendered":"Maturit\u00e9 professionnelle \u00e9conomie et services"},"content":{"rendered":"\n<div class=\"wp-block-columns is-layout-flex wp-container-core-columns-is-layout-9409fc81 wp-block-columns-is-layout-flex\" style=\"margin-top:0px;margin-bottom:0px;padding-top:0;padding-right:var(--wp--preset--spacing--30);padding-bottom:0;padding-left:var(--wp--preset--spacing--30)\">\n<div class=\"wp-block-column has-global-padding is-layout-constrained wp-block-column-is-layout-constrained\">\n<figure class=\"wp-block-gallery alignfull has-nested-images columns-default is-cropped wp-block-gallery-1 is-layout-flex wp-block-gallery-is-layout-flex\">\n<figure class=\"wp-block-image size-full has-custom-border image-pleine-hauteur\"><img loading=\"lazy\" decoding=\"async\" width=\"2560\" height=\"1707\" data-id=\"2379\" src=\"https:\/\/www.epca.ch\/www\/wp-content\/uploads\/2025\/06\/young-teacher-parle-a-deux-etudiants-de-la-budgetisation-des-entreprises-scaled.jpg\" alt=\"\" class=\"wp-image-2379\" style=\"border-top-right-radius:40px\" srcset=\"https:\/\/www.epca.ch\/www\/wp-content\/uploads\/2025\/06\/young-teacher-parle-a-deux-etudiants-de-la-budgetisation-des-entreprises-scaled.jpg 2560w, https:\/\/www.epca.ch\/www\/wp-content\/uploads\/2025\/06\/young-teacher-parle-a-deux-etudiants-de-la-budgetisation-des-entreprises-300x200.jpg 300w, https:\/\/www.epca.ch\/www\/wp-content\/uploads\/2025\/06\/young-teacher-parle-a-deux-etudiants-de-la-budgetisation-des-entreprises-1024x683.jpg 1024w, https:\/\/www.epca.ch\/www\/wp-content\/uploads\/2025\/06\/young-teacher-parle-a-deux-etudiants-de-la-budgetisation-des-entreprises-768x512.jpg 768w, https:\/\/www.epca.ch\/www\/wp-content\/uploads\/2025\/06\/young-teacher-parle-a-deux-etudiants-de-la-budgetisation-des-entreprises-1536x1024.jpg 1536w, https:\/\/www.epca.ch\/www\/wp-content\/uploads\/2025\/06\/young-teacher-parle-a-deux-etudiants-de-la-budgetisation-des-entreprises-2048x1365.jpg 2048w\" sizes=\"auto, (max-width: 2560px) 100vw, 2560px\" \/><\/figure>\n<\/figure>\n\n\n\n<figure class=\"wp-block-embed is-type-video is-provider-youtube wp-block-embed-youtube wp-embed-aspect-16-9 wp-has-aspect-ratio\"><div class=\"wp-block-embed__wrapper\">\n<iframe loading=\"lazy\" title=\"La maturit\u00e9 professionnelle\" width=\"500\" height=\"281\" src=\"https:\/\/www.youtube.com\/embed\/6oLbzkTa674?feature=oembed\" frameborder=\"0\" allow=\"accelerometer; autoplay; clipboard-write; encrypted-media; gyroscope; picture-in-picture; web-share\" referrerpolicy=\"strict-origin-when-cross-origin\" allowfullscreen><\/iframe>\n<\/div><\/figure>\n<\/div>\n\n\n\n<div class=\"wp-block-column has-background is-layout-flow wp-block-column-is-layout-flow\" style=\"border-style:none;border-width:0px;border-top-right-radius:35px;background-color:#f2f2f2;padding-top:var(--wp--preset--spacing--40);padding-right:var(--wp--preset--spacing--40);padding-bottom:var(--wp--preset--spacing--40);padding-left:var(--wp--preset--spacing--40)\">\n<div class=\"wp-block-group is-nowrap is-layout-flex wp-container-core-group-is-layout-6c531013 wp-block-group-is-layout-flex\">\n<h2 class=\"wp-block-heading\">Qu&rsquo;est-ce que la <span class=\"bleu-epca\">maturit\u00e9<\/span> professionnelle ?<\/h2>\n\n\n\n<figure class=\"wp-block-image size-full fleche\"><img loading=\"lazy\" decoding=\"async\" width=\"30\" height=\"30\" src=\"https:\/\/www.epca.ch\/www\/wp-content\/uploads\/2025\/05\/fleche.png\" alt=\"\" class=\"wp-image-1948\"\/><\/figure>\n<\/div>\n\n\n\n<p>La maturit\u00e9 professionnelle est une formation de culture g\u00e9n\u00e9rale \u00e9largie donnant acc\u00e8s aux \u00e9tudes sup\u00e9rieures : HES-SO ou Universit\u00e9 (apr\u00e8s r\u00e9ussite de la passerelle Dubs). La maturit\u00e9 professionnelle peut \u00eatre r\u00e9alis\u00e9e dans des domaines vari\u00e9s tels la sant\u00e9, l\u2019art ou l\u2019\u00e9conomie.<\/p>\n\n\n\n<p>L\u2019\u00c9cole professionnelle du Chablais propose des formations en maturit\u00e9 \u00ab&nbsp;\u00e9conomie et services&nbsp;\u00bb soit int\u00e9gr\u00e9es \u00e0 l\u2019apprentissage soit post-CFC.<\/p>\n\n\n\n<div class=\"wp-block-group is-nowrap is-layout-flex wp-container-core-group-is-layout-b1ad4258 wp-block-group-is-layout-flex\" style=\"padding-top:0;padding-bottom:var(--wp--preset--spacing--40)\">\n<p class=\"has-custom-bleu-color has-text-color has-link-color wp-elements-344bc7fab0910e420caed95f6b0d2049\"><a href=\"https:\/\/www.vd.ch\/formation\/centre-denseignement-professionnel-de-morges-cepm\/les-filieres-de-formation\/la-maturite-professionnelle\" target=\"_blank\" rel=\"noreferrer noopener\">en savoir plus<\/a><\/p>\n\n\n\n<figure class=\"wp-block-image size-full is-resized\"><img loading=\"lazy\" decoding=\"async\" width=\"30\" height=\"29\" src=\"https:\/\/www.epca.ch\/www\/wp-content\/uploads\/2025\/05\/FlecheLien.webp\" alt=\"\" class=\"wp-image-2093\" style=\"width:20px\"\/><\/figure>\n\n\n\n<p><\/p>\n<\/div>\n\n\n\n<div class=\"wp-block-group has-global-padding is-layout-constrained wp-block-group-is-layout-constrained\">\n<div class=\"wp-block-columns is-layout-flex wp-container-core-columns-is-layout-28f84493 wp-block-columns-is-layout-flex\">\n<div class=\"wp-block-column is-layout-flow wp-block-column-is-layout-flow\" style=\"flex-basis:100%\"><\/div>\n<\/div>\n\n\n\n<div class=\"wp-block-buttons alignwide bouton-espace is-vertical is-layout-flex wp-container-core-buttons-is-layout-fe9cc265 wp-block-buttons-is-layout-flex\">\n<div class=\"wp-block-button has-custom-width wp-block-button__width-100 is-style-fill\"><a class=\"wp-block-button__link has-large-font-size has-custom-font-size wp-element-button\" href=\"https:\/\/www.per-mp.ch\" target=\"_blank\" rel=\"noreferrer noopener\">Plan d&rsquo;\u00e9tude romand<\/a><\/div>\n\n\n\n<div class=\"wp-block-button has-custom-width wp-block-button__width-100 is-style-fill\"><a class=\"wp-block-button__link has-large-font-size has-custom-font-size wp-element-button\" href=\"https:\/\/www.fedlex.admin.ch\/eli\/cc\/2009\/423\/fr\" target=\"_blank\" rel=\"noreferrer noopener\">Ordonnance f\u00e9d\u00e9rale<\/a><\/div>\n\n\n\n<div class=\"wp-block-button has-custom-width wp-block-button__width-100 is-style-fill\"><a class=\"wp-block-button__link has-large-font-size has-custom-font-size wp-element-button\" href=\"\/www\/contenu\/docs_filieres\/131121%20P%C3%A9riodes%20enseign.%20MP%20Economie-Services%20type%20Economie.pdf\" target=\"_blank\" rel=\"noreferrer noopener\">Tableau des le\u00e7ons CLPO<\/a><\/div>\n<\/div>\n<\/div>\n<\/div>\n<\/div>\n\n\n\n<div class=\"wp-block-columns is-layout-flex wp-container-core-columns-is-layout-0111f410 wp-block-columns-is-layout-flex\" style=\"padding-right:var(--wp--preset--spacing--50);padding-left:var(--wp--preset--spacing--50)\">\n<div class=\"wp-block-column is-vertically-aligned-stretch has-background is-layout-flow wp-block-column-is-layout-flow\" style=\"border-top-right-radius:33px;background-color:#f2f2f2\">\n<div class=\"wp-block-group has-global-padding is-layout-constrained wp-container-core-group-is-layout-7db9d80f wp-block-group-is-layout-constrained\" style=\"padding-right:0;padding-left:0\">\n<div class=\"wp-block-group block-gris has-global-padding is-layout-constrained wp-container-core-group-is-layout-0c2fbd0a wp-block-group-is-layout-constrained\" style=\"border-top-right-radius:33px;margin-top:0;margin-bottom:0;padding-top:var(--wp--preset--spacing--30);padding-right:var(--wp--preset--spacing--30);padding-bottom:var(--wp--preset--spacing--30);padding-left:var(--wp--preset--spacing--30)\">\n<div class=\"wp-block-group is-nowrap is-layout-flex wp-container-core-group-is-layout-6c531013 wp-block-group-is-layout-flex\">\n<h3 class=\"wp-block-heading\">Mod\u00e8le <span class=\"bleu-epca\">int\u00e9gr\u00e9<\/span><\/h3>\n\n\n\n<figure class=\"wp-block-image size-full is-resized fleche\"><img loading=\"lazy\" decoding=\"async\" width=\"30\" height=\"30\" src=\"https:\/\/www.epca.ch\/www\/wp-content\/uploads\/2025\/05\/fleche.png\" alt=\"\" class=\"wp-image-1948\" style=\"width:30px;height:auto\"\/><\/figure>\n<\/div>\n\n\n\n<p>La maturit\u00e9 int\u00e9gr\u00e9e \u00e0 l\u2019apprentissage d\u2019employ\u00e9 de commerce permet aux \u00e9l\u00e8ves, au terme de 3 ans de formation, d\u2019obtenir deux dipl\u00f4mes : un CFC d\u2019employ\u00e9 de commerce et une maturit\u00e9 professionnelle \u00ab&nbsp;\u00e9conomie et services&nbsp;\u00bb permettant l\u2019acc\u00e8s aux HES.<\/p>\n\n\n\n<p>Les conditions de promotion et de r\u00e9ussite sont explicit\u00e9es dans les documents ci-joints. En cas de double \u00e9chec semestriel durant les 4 premiers semestres, l\u2019\u00e9l\u00e8ve rejoint la fili\u00e8re CFC.<\/p>\n\n\n\n<p>Les \u00e9l\u00e8ves ayant satisfait aux conditions d\u2019admission en fin d\u2019\u00e9cole obligatoire peuvent suivre les cours de maturit\u00e9 professionnelle int\u00e9gr\u00e9e.<\/p>\n<\/div>\n<\/div>\n\n\n\n<div class=\"wp-block-group is-nowrap is-layout-flex wp-container-core-group-is-layout-b1ad4258 wp-block-group-is-layout-flex\" style=\"padding-top:0;padding-bottom:var(--wp--preset--spacing--40)\">\n<p class=\"has-custom-bleu-color has-text-color has-link-color wp-elements-6849fad6119b684b497000be2ec59374\"><a href=\"https:\/\/www.vd.ch\/formation\/formation-professionnelle\/maturite-professionnelle\" target=\"_blank\" rel=\"noreferrer noopener\">en savoir plus<\/a><\/p>\n\n\n\n<figure class=\"wp-block-image size-full is-resized\"><img loading=\"lazy\" decoding=\"async\" width=\"30\" height=\"29\" src=\"https:\/\/www.epca.ch\/www\/wp-content\/uploads\/2025\/05\/FlecheLien.webp\" alt=\"\" class=\"wp-image-2093\" style=\"width:20px\"\/><\/figure>\n\n\n\n<p><\/p>\n<\/div>\n\n\n\n<div class=\"wp-block-buttons is-content-justification-center is-layout-flex wp-container-core-buttons-is-layout-a89b3969 wp-block-buttons-is-layout-flex\">\n<div class=\"wp-block-button\"><a class=\"wp-block-button__link has-text-align-center wp-element-button\" href=\"\/www\/contenu\/docs_filieres\/EPCA_FicheInfo_Commerce_MP.pdf\" target=\"_blank\" rel=\"noreferrer noopener\">Conditions de promotion et de r\u00e9ussite<\/a><\/div>\n\n\n\n<div class=\"wp-block-button\"><a class=\"wp-block-button__link has-text-align-center wp-element-button\" href=\"\/www\/contenu\/docs_excel_calcul_moyennes\/EPCA_CalculMoyennes_MC.xlsx\" target=\"_blank\" rel=\"noreferrer noopener\">Calcul des moyennes<\/a><\/div>\n<\/div>\n<\/div>\n\n\n\n<div class=\"wp-block-column is-vertically-aligned-stretch has-background is-layout-flow wp-block-column-is-layout-flow\" style=\"border-top-right-radius:33px;background-color:#f2f2f2\">\n<div class=\"wp-block-group has-global-padding is-layout-constrained wp-container-core-group-is-layout-7db9d80f wp-block-group-is-layout-constrained\" style=\"padding-right:0;padding-left:0\">\n<div class=\"wp-block-group block-gris has-global-padding is-layout-constrained wp-container-core-group-is-layout-0c2fbd0a wp-block-group-is-layout-constrained\" style=\"border-top-right-radius:33px;margin-top:0;margin-bottom:0;padding-top:var(--wp--preset--spacing--30);padding-right:var(--wp--preset--spacing--30);padding-bottom:var(--wp--preset--spacing--30);padding-left:var(--wp--preset--spacing--30)\">\n<div class=\"wp-block-group is-nowrap is-layout-flex wp-container-core-group-is-layout-6c531013 wp-block-group-is-layout-flex\">\n<h3 class=\"wp-block-heading\">Mod\u00e8le <span class=\"bleu-epca\">post-CFC<\/span><\/h3>\n\n\n\n<figure class=\"wp-block-image size-full is-resized fleche\"><img loading=\"lazy\" decoding=\"async\" width=\"30\" height=\"30\" src=\"https:\/\/www.epca.ch\/www\/wp-content\/uploads\/2025\/05\/fleche.png\" alt=\"\" class=\"wp-image-1948\" style=\"width:30px;height:auto\"\/><\/figure>\n<\/div>\n\n\n\n<div class=\"wp-block-columns are-vertically-aligned-center is-layout-flex wp-container-core-columns-is-layout-28f84493 wp-block-columns-is-layout-flex\">\n<div class=\"wp-block-column is-vertically-aligned-center is-layout-flow wp-block-column-is-layout-flow\">\n<p><strong>Admission<\/strong><\/p>\n\n\n\n<p>Sont admi\u00b7e\u00b7s d\u2019office, les \u00e9l\u00e8ves :<\/p>\n\n\n\n<ul class=\"wp-block-list\">\n<li>qui remplissent les conditions d\u2019admission au gymnase en fin d\u2019\u00e9cole obligatoire ;<\/li>\n\n\n\n<li>ayant r\u00e9ussi <a href=\"https:\/\/www.vd.ch\/formation\/formations-gymnasiales\/examens-dadmission-au-gymnase\">l\u2019examen d\u2019admission au gymnase<\/a> pour entrer soit en Ecole de maturit\u00e9, soit en Ecole de culture g\u00e9n\u00e9rale ;<\/li>\n\n\n\n<li>ayant rempli les conditions d\u2019un <a href=\"https:\/\/www.vd.ch\/formation\/formation-professionnelle\/cours-preparatoires-a-ladmission-a-la-maturite-professionnelle-post-cfc\">cours pr\u00e9paratoire sp\u00e9cifique<\/a> (cour MAD) dispens\u00e9 en compl\u00e9ment de la formation CFC (dur\u00e9e de validit\u00e9 du cours pr\u00e9paratoire \u00e0 l\u2019admission : 18 mois).<\/li>\n<\/ul>\n\n\n\n<div class=\"wp-block-group is-nowrap is-layout-flex wp-container-core-group-is-layout-b1ad4258 wp-block-group-is-layout-flex\" style=\"padding-top:0;padding-bottom:var(--wp--preset--spacing--40)\">\n<p class=\"has-custom-bleu-color has-text-color has-link-color wp-elements-74ba4bac217557e5cf0b83111eef6102\"><a href=\"https:\/\/www.vd.ch\/formation\/formation-professionnelle\/la-matupro-post-cfc\" target=\"_blank\" rel=\"noreferrer noopener\">en savoir plus<\/a><\/p>\n\n\n\n<figure class=\"wp-block-image size-full is-resized\"><img loading=\"lazy\" decoding=\"async\" width=\"30\" height=\"29\" src=\"https:\/\/www.epca.ch\/www\/wp-content\/uploads\/2025\/05\/FlecheLien.webp\" alt=\"\" class=\"wp-image-2093\" style=\"width:20px\"\/><\/figure>\n\n\n\n<p><\/p>\n<\/div>\n\n\n\n<p>Dans tous les cas, le CFC doit \u00eatre r\u00e9ussi.<\/p>\n\n\n\n<p>I<strong>nscription<\/strong><\/p>\n\n\n\n<p>L\u2019inscription \u00e0 la maturit\u00e9 professionnelle se fait par le biais du site&nbsp;<a href=\"https:\/\/www.vd.ch\/themes\/formation\/formation-professionnelle\/la-matupro-post-cfc\/\">www.vd.ch<\/a>. <strong>Pour la rentr\u00e9e 2026, l\u2019inscription sera ouverte en d\u00e9but d\u2019ann\u00e9e 2026.<\/strong> En fonction de leur parcours, les \u00e9l\u00e8ves sont ensuite convoqu\u00e9s au test d\u2019admission. Consultez \u00e9galement la <a href=\"https:\/\/www.vd.ch\/themes\/formation\/formation-professionnelle\/examen-dadmission-matupro-post-cfc\/\" target=\"_blank\" rel=\"noreferrer noopener\">liste des connaissances requises pour passer l\u2019examen d\u2019admission et&nbsp;les anciens examens<\/a>.<\/p>\n\n\n\n<h3 class=\"wp-block-heading has-custom-bleu-color has-text-color has-link-color wp-elements-400e22d9f2a0b31e1d13e4c8fc0e7762\">En emploi (2 ans)<\/h3>\n\n\n\n<div class=\"wp-block-buttons is-content-justification-center is-layout-flex wp-container-core-buttons-is-layout-a89b3969 wp-block-buttons-is-layout-flex\">\n<div class=\"wp-block-button\"><a class=\"wp-block-button__link wp-element-button\" href=\"\/www\/contenu\/docs_filieres\/EPCA_MP-Ee_CondPromo.pdf\" target=\"_blank\" rel=\"noreferrer noopener\">Condition de promotion<\/a><\/div>\n\n\n\n<div class=\"wp-block-button\"><a class=\"wp-block-button__link wp-element-button\" href=\"\/www\/contenu\/docs_filieres\/EPCA_MP-E_CondReussite.pdf\" target=\"_blank\" rel=\"noreferrer noopener\">Condition de r\u00e9ussite<\/a><\/div>\n\n\n\n<div class=\"wp-block-button\"><a class=\"wp-block-button__link wp-element-button\" href=\"\/www\/contenu\/docs_excel_calcul_moyennes\/EPCA_CalculMoyennes_MatuEnEmploi.xlsx\" target=\"_blank\" rel=\"noreferrer noopener\">Calcul des moyennes<\/a><\/div>\n<\/div>\n<\/div>\n\n\n\n<div class=\"wp-block-column is-vertically-aligned-center is-layout-flow wp-block-column-is-layout-flow\" style=\"flex-basis:15px\"><\/div>\n<\/div>\n\n\n\n<p><\/p>\n\n\n\n<h3 class=\"wp-block-heading has-custom-bleu-color has-text-color has-link-color wp-elements-9e7ad146fdb85463126b693fd0160ffa\">A plein temps (1 an)<\/h3>\n\n\n\n<div class=\"wp-block-buttons is-content-justification-center is-layout-flex wp-container-core-buttons-is-layout-a89b3969 wp-block-buttons-is-layout-flex\">\n<div class=\"wp-block-button\"><a class=\"wp-block-button__link wp-element-button\" href=\"\/www\/contenu\/docs_filieres\/EPCA_MP-Ep_CondPromo.pdf\" target=\"_blank\" rel=\"noreferrer noopener\">Condition de promotion<\/a><\/div>\n\n\n\n<div class=\"wp-block-button\"><a class=\"wp-block-button__link wp-element-button\" href=\"\/www\/contenu\/docs_filieres\/EPCA_MP-E_CondReussite.pdf\" target=\"_blank\" rel=\"noreferrer noopener\">Condition de r\u00e9ussite<\/a><\/div>\n\n\n\n<div class=\"wp-block-button\"><a class=\"wp-block-button__link wp-element-button\" href=\"\/www\/contenu\/docs_excel_calcul_moyennes\/EPCA_CalculMoyennes_MatuPleinTemps.xlsx\" target=\"_blank\" rel=\"noreferrer noopener\">Calcul des moyennes<\/a><\/div>\n<\/div>\n<\/div>\n<\/div>\n<\/div>\n<\/div>\n","protected":false},"excerpt":{"rendered":"<p>Qu&rsquo;est-ce que la maturit\u00e9 professionnelle ? La maturit\u00e9 professionnelle est une formation de culture g\u00e9n\u00e9rale \u00e9largie donnant acc\u00e8s aux \u00e9tudes sup\u00e9rieures : HES-SO ou Universit\u00e9 (apr\u00e8s r\u00e9ussite de la passerelle Dubs). La maturit\u00e9 professionnelle peut \u00eatre r\u00e9alis\u00e9e dans des domaines vari\u00e9s tels la sant\u00e9, l\u2019art ou l\u2019\u00e9conomie. L\u2019\u00c9cole professionnelle du Chablais propose des formations en [&hellip;]<\/p>\n","protected":false},"author":1,"featured_media":0,"parent":0,"menu_order":0,"comment_status":"closed","ping_status":"closed","template":"","meta":{"footnotes":""},"class_list":["post-676","page","type-page","status-publish","hentry"],"_links":{"self":[{"href":"https:\/\/www.epca.ch\/www\/wp-json\/wp\/v2\/pages\/676","targetHints":{"allow":["GET"]}}],"collection":[{"href":"https:\/\/www.epca.ch\/www\/wp-json\/wp\/v2\/pages"}],"about":[{"href":"https:\/\/www.epca.ch\/www\/wp-json\/wp\/v2\/types\/page"}],"author":[{"embeddable":true,"href":"https:\/\/www.epca.ch\/www\/wp-json\/wp\/v2\/users\/1"}],"replies":[{"embeddable":true,"href":"https:\/\/www.epca.ch\/www\/wp-json\/wp\/v2\/comments?post=676"}],"version-history":[{"count":50,"href":"https:\/\/www.epca.ch\/www\/wp-json\/wp\/v2\/pages\/676\/revisions"}],"predecessor-version":[{"id":3086,"href":"https:\/\/www.epca.ch\/www\/wp-json\/wp\/v2\/pages\/676\/revisions\/3086"}],"wp:attachment":[{"href":"https:\/\/www.epca.ch\/www\/wp-json\/wp\/v2\/media?parent=676"}],"curies":[{"name":"wp","href":"https:\/\/api.w.org\/{rel}","templated":true}]}}